{"id":4978,"date":"2019-12-26T21:46:32","date_gmt":"2019-12-26T21:46:32","guid":{"rendered":"http:\/\/lalisuli.hu\/?page_id=4978"},"modified":"2026-04-06T12:21:18","modified_gmt":"2026-04-06T12:21:18","slug":"adatkezelesi-tajekoztato","status":"publish","type":"page","link":"https:\/\/lalisuli.hu\/?page_id=4978","title":{"rendered":"Adatkezel\u00e9si t\u00e1j\u00e9koztat\u00f3"},"content":{"rendered":"<div id=\"sktbuilder-text-block-31\" class=\"sktbuilder-block sktbuilder-text\">\r\n    <div class=\"qb-container\">\r\n            <div class=\"sktbuilder-header\">\r\n                <h2 class=\"sktbuilder-header__title sktbuilder-text__title sktbuilder-header__title_color_black\">\u201cA sz\u00e1m\u00edt\u00f3g\u00e9pes biztons\u00e1g csak ill\u00fazi\u00f3. Ha valamit t\u00e9nyleg titokban akarsz tartani, akkor tartsd \u00e9szben, \u00e9s ne vidd fel a sz\u00e1m\u00edt\u00f3g\u00e9pedre.\u201d  - Chris Hemsworth -<\/h2>\r\n                <div class=\"sktbuilder-header__description sktbuilder-text__description sktbuilder-header__description_color_black\">\r\n                   <p class=\"ql-align-center\"><br><\/p><p class=\"ql-align-center\"><br><\/p><p class=\"ql-align-center\"><strong style=\"color: rgb(34, 32, 86);\"><em><u>ADATKEZEL\u00c9SI Szab\u00e1lyzat<\/u><\/em><\/strong><\/p><p class=\"ql-align-center\"><br><\/p><p class=\"ql-align-center\"><strong style=\"color: black;\">Peszlen Lajos&nbsp;EV <\/strong><\/p><p class=\"ql-align-center\"><br><\/p><p class=\"ql-align-center\"><br><\/p><p><span style=\"color: black;\">A Peszlen Lajos&nbsp;EV ez\u00faton teszi k\u00f6zz\u00e9 adatv\u00e9delmi, adatkezel\u00e9si elveit, melyeket mag\u00e1ra n\u00e9zve k\u00f6telez\u0151nek ismer el.<\/span><\/p><p><br><\/p><p><strong style=\"color: black;\"><u>Az Adatkezel\u0151 adatai<\/u><\/strong><\/p><p><span style=\"color: black;\">Az adatok kezel\u0151je a <\/span><strong style=\"color: black;\">Peszlen Lajos&nbsp;EV<\/strong><span style=\"color: black;\"> (\u201e<\/span><strong style=\"color: black;\">Adatkezel\u0151<\/strong><span style=\"color: black;\">\u201d).<\/span><\/p><p><span style=\"color: black;\">Sz\u00e9khelye: <\/span><strong style=\"color: black;\">9400 Sopron Lackner Krist\u00f3f utca 16. <\/strong><\/p><p><span style=\"color: black;\">K\u00e9pviseli: <\/span><strong style=\"color: black;\">&nbsp;Peszlen Lajos<\/strong><\/p><p><span style=\"color: black;\">E-mail c\u00edme:&nbsp;&nbsp;&nbsp;&nbsp;&nbsp;&nbsp;&nbsp;<\/span><a href=\"mailto:contact@lalisuli.hu\" target=\"_blank\"><strong>contact@lalisuli.hu<\/strong><\/a><\/p><p><span style=\"color: black;\">Telefonsz\u00e1ma:<\/span><strong style=\"color: black;\">06 20 9516 822 <\/strong><\/p><p><span style=\"color: black;\">Az Adatkezel\u0151 felel\u0151s a jelen Adatkezel\u00e9si t\u00e1j\u00e9koztat\u00f3 (\u201e<\/span><strong style=\"color: black;\">T\u00e1j\u00e9koztat\u00f3<\/strong><span style=\"color: black;\">\u201d) elk\u00e9sz\u00edt\u00e9s\u00e9\u00e9rt, a benne foglaltak betartat\u00e1s\u00e1\u00e9rt, ellen\u0151rz\u00e9s\u00e9rt, illetve a sz\u00fcks\u00e9ges v\u00e1ltoztat\u00e1sok v\u00e9grehajt\u00e1s\u00e1\u00e9rt. A T\u00e1j\u00e9koztat\u00f3 mindenkor hat\u00e1lyos v\u00e1ltozata a T\u00e1rsas\u00e1g sz\u00e9khely\u00e9n, tov\u00e1bb\u00e1 a <\/span><strong style=\"color: black;\">http:\/\/lalisuli.hu <\/strong><span style=\"color: black;\">weboldalon \u00e9rhet\u0151 el.<\/span><\/p><p><strong style=\"color: black;\">1. Az Adatkezel\u0151 \u00e1ltal kezelt adatok<\/strong><\/p><p><span style=\"color: black;\">Az Adatkezel\u0151 tev\u00e9kenys\u00e9ge, az \u00e1ltala ny\u00fajtott szolg\u00e1ltat\u00e1sok sor\u00e1n adatkezel\u00e9s szempontj\u00e1b\u00f3l az al\u00e1bbi szolg\u00e1ltat\u00e1si kateg\u00f3ri\u00e1k eset\u00e9n a k\u00f6vetkez\u0151 szem\u00e9lyes adatok kezel\u00e9se val\u00f3sul meg:<\/span><\/p><p><strong style=\"color: black;\"><u>1.1 Szolg\u00e1ltat\u00e1s<\/u><\/strong><\/p><p><span style=\"color: black;\">Az Adatkezel\u0151 g\u00e9pj\u00e1rm\u0171 vezet\u0151 oktat\u00e1si tev\u00e9kenys\u00e9g (elm\u00e9leti \u00e9s gyakorlati k\u00e9pz\u00e9s vizsg\u00e1ra felk\u00e9sz\u00edt\u00e9s) Kateg\u00f3ri\u00e1k: B<\/span><\/p><p><span style=\"color: black;\">A g\u00e9pj\u00e1rm\u0171vezet\u0151-k\u00e9pz\u00e9s szab\u00e1lyoz\u00e1s\u00e1t a K\u00f6z\u00fati K\u00f6zleked\u00e9sr\u0151l sz\u00f3l\u00f3 1988. \u00e9vi I. t\u00f6rv\u00e9ny, a 179\/2011. Korm\u00e1nyrendelet, a 24\/2005. (IV.21)\u00e9vi GKM rendelet mellett vizsgad\u00edjrendelet \u00e9s orvosi rendelet is biztos\u00edtja. Ezen jogszab\u00e1lyok r\u00f6gz\u00edtik a vezet\u0151i enged\u00e9ly megszerz\u00e9s\u00e9nek eg\u00e9szs\u00e9g\u00fcgyi, szem\u00e9lyi \u00e9s t\u00e1rgyi felt\u00e9telrendszer\u00e9t, az \u00fcgyfelek (tanul\u00f3k), a k\u00e9pz\u0151szervek \u00e9s az \u00e1ltaluk foglalkoztatott szakemberek tev\u00e9kenys\u00e9g\u00e9t, tov\u00e1bb\u00e1 azon dokumentummint\u00e1kat (\u00e9s \u00edgy azok adattartalm\u00e1t) melyeket a g\u00e9pj\u00e1rm\u0171vezet\u0151-k\u00e9pz\u00e9s sor\u00e1n haszn\u00e1lni kell (BIZONYLATI ALBUM). Amely el\u00e9rhet\u0151 az al\u00e1bbi c\u00edmen:<\/span><\/p><p><span style=\"color: black;\">https:\/\/www.nkh.gov.hu\/documents\/11102\/35321\/BIZONYLATI+ALBUM_vizsg%C3%A1ztat%C3%A1s%C3%A1hoz\/7a08897c-94bc-4d72-9451-9fff1ef7d54f?version=1.7&amp;type=pdf<\/span><\/p><p><span style=\"color: black;\">K\u00e9pz\u0151 szerv fentiek alapj\u00e1n az al\u00e1bbi olyan dokumentumokat haszn\u00e1lja melyhez \u00fcgyfeleit\u0151l szem\u00e9lyes adatokat k\u00e9r: <\/span><\/p><p><span style=\"color: black;\">1)&nbsp;A jelentkez\u00e9si lap<\/span><\/p><p><span style=\"color: black;\">A jelentkez\u00e9si lap a k\u00f6zleked\u00e9si hat\u00f3s\u00e1g \u00e1ltal meghat\u00e1rozott tartalm\u00fa \u00e9s szerkeszt\u00e9s\u0171 nyomtatv\u00e1ny. A jelentkez\u00e9si lapot a vizsg\u00e1ra val\u00f3 jelentkez\u00e9s el\u0151tt a tanul\u00f3 t\u00f6lti ki. A tanfolyam elm\u00e9leti r\u00e9sz\u00e9nek, illetve a \"Biztons\u00e1gi ellen\u0151rz\u00e9s \u00e9s \u00fczemeltet\u00e9s\" tant\u00e1rgynak az elv\u00e9gz\u00e9s\u00e9t az iskolavezet\u0151 igazolja. Az iskolavezet\u0151 igazolja az esetleges felment\u00e9seket, a felment\u00e9sek alapj\u00e1ul szolg\u00e1l\u00f3 okirat sz\u00e1m\u00e1nak a bejegyz\u00e9s\u00e9vel. Az igazol\u00e1sokat al\u00e1\u00edr\u00e1s\u00e1val \u00e9s a k\u00e9pz\u0151 szerv b\u00e9lyegz\u0151j\u00e9vel \u00e9rv\u00e9nyes\u00edti. A jelentkez\u00e9si lapon a tanul\u00f3 \u00e1ltal tett ilyen ir\u00e1ny\u00fa nyilatkozatot a k\u00e9pviselet igazol\u00e1s\u00e1ra a k\u00f6zleked\u00e9si hat\u00f3s\u00e1gnak el kell fogadnia. A vizsgak\u00f6telezetts\u00e9g al\u00f3li mentes\u00edt\u00e9si k\u00e9relem a felment\u00e9s alapj\u00e1ul szolg\u00e1l\u00f3 okirat iskolavezet\u0151 \u00e1ltal igazolt f\u00e9nym\u00e1solat\u00e1nak a csatol\u00e1s\u00e1val t\u00f6rt\u00e9nik. A vizsga al\u00f3li felment\u00e9st, valamint indokolt esetben a sz\u00f3beli vizsg\u00e1t a k\u00f6zleked\u00e9si hat\u00f3s\u00e1g a jelentkez\u00e9si lapon tett bejegyz\u00e9ssel enged\u00e9lyezi. A k\u00fclf\u00f6ldi hat\u00f3s\u00e1g \u00e1ltal kiadott vezet\u00e9sre jogos\u00edt\u00f3 okm\u00e1ny honos\u00edt\u00e1si elj\u00e1r\u00e1s\u00e1ban az okm\u00e1nyiroda hat\u00e1rozatot ad ki. A hat\u00e1rozat birtok\u00e1ban az \u00fcgyf\u00e9lnek a tanfolyammentes vizsg\u00e1ra jelentkez\u00e9sekor jelentkez\u00e9si lapot kell kit\u00f6ltenie, amelyhez csatolni kell az okm\u00e1nyiroda hat\u00e1rozat\u00e1t. Az okm\u00e1nyiroda \u00e1ltal el\u0151\u00edrt elm\u00e9leti vizsg\u00e1n a kateg\u00f3ri\u00e1nak megfelel\u0151 k\u00f6zleked\u00e9si alapismeretek, gyakorlati vizsg\u00e1n a kateg\u00f3ri\u00e1nak megfelel\u0151 forgalmi vizsg\u00e1t kell \u00e9rteni. A k\u00e9pz\u0151 szervnek vissza kell adni azt a jelentkez\u00e9si lapot, amelyik a vizsg\u00e1ra jelent\u00e9skor a fenti el\u0151\u00edr\u00e1soknak nem felel meg.<\/span><\/p><p><span style=\"color: black;\">Adatok: neve, anyja neve, sz\u00fclet\u00e9si d\u00e1tuma, sz\u00fclet\u00e9si helye, tart\u00f3zkod\u00e1si \u00e9s \u00e9rtes\u00edt\u00e9si c\u00edm, k\u00f6zleked\u00e9si iktat\u00f3sz\u00e1m, azonos\u00edt\u00f3 (a k\u00e9pz\u0151szerv azonos\u00edt\u00f3ja, a tanfolyam k\u00e9pz\u0151szerv \u00e1ltal meghat\u00e1rozott egyedi azonos\u00edt\u00f3ja, \u00e9s a tanul\u00f3tanfolyamon bel\u00fcli egyedi sorsz\u00e1m\u00e1t tartalmaz\u00f3 azonos\u00edt\u00f3), vezet\u0151i enged\u00e9ly kateg\u00f3ri\u00e1ja - amelyre a k\u00e9pz\u00e9s ir\u00e1nyul, a teljes\u00edtett k\u00e9pz\u00e9si r\u00e9sz (tant\u00e1rgy) megnevez\u00e9se, eg\u00e9szs\u00e9g\u00fcgyi csoportra, korl\u00e1toz\u00e1sra, mentess\u00e9gre vonatkoz\u00f3 adat, felment\u00e9s alapj\u00e1ul szolg\u00e1l\u00f3 okirat sz\u00e1ma, k\u00e9pz\u00e9s: e-learning vagy tantermi, al\u00e1\u00edr\u00e1s.<\/span><\/p><p><span style=\"color: black;\">Jelentkez\u00e9skor ezen fel\u00fcl sz\u00fcks\u00e9ges adat az \u00fcgyf\u00e9l telefonsz\u00e1ma, \u00e9s e-mail c\u00edme kapcsolattart\u00e1s c\u00e9lj\u00e1b\u00f3l.<\/span><\/p><p><span style=\"color: black;\">2) A vezet\u00e9si karton<\/span><\/p><p><span style=\"color: black;\">A k\u00e9pz\u0151 szerv a bizonylati album szerinti - a tanul\u00f3 \u00e9s a gyakorlati k\u00e9pz\u00e9st v\u00e9gz\u0151 k\u00e9pz\u0151 szerv adataival kit\u00f6lt\u00f6tt - vezet\u00e9si kartont leadja okm\u00e1nyirod\u00e1nak (mint k\u00f6zleked\u00e9si hat\u00f3s\u00e1g). A k\u00f6zleked\u00e9si hat\u00f3s\u00e1g r\u00e1vezeti a vizsg\u00e1z\u00f3 iktat\u00f3sz\u00e1m\u00e1t \u00e9s abban az esetben hiteles\u00edti, ha a vizsg\u00e1z\u00f3 a gyakorlati oktat\u00e1son val\u00f3 r\u00e9szv\u00e9tel el\u0151felt\u00e9teleinek eleget tett. <\/span><\/p><p><span style=\"color: black;\">A vezet\u00e9si karton tartalmazza: a tanul\u00f3 nev\u00e9t, sz\u00fclet\u00e9si d\u00e1tum\u00e1t, \u00e9rtes\u00edt\u00e9si c\u00edm\u00e9t, k\u00f6zleked\u00e9si hat\u00f3s\u00e1g iktat\u00f3sz\u00e1m\u00e1t, vezet\u00e9si karton azonos\u00edt\u00f3 sz\u00e1m\u00e1t, tanfolyam k\u00e9pz\u0151szerv \u00e1ltal meghat\u00e1rozott egyedi azonos\u00edt\u00f3j\u00e1t, k\u00e9pz\u0151szerv nev\u00e9t, a gyakorlati oktat\u00f3 nev\u00e9t, a v\u00e1lasztott kateg\u00f3ri\u00e1t, g\u00e9pkocsi rendsz\u00e1m\u00e1t, korl\u00e1toz\u00e1sokat, sikeres vizsg\u00e1k id\u0151pontjait, telefonsz\u00e1mot, e-mail c\u00edmet, oktat\u00e1s id\u0151pontj\u00e1t, a tan\u00f3r\u00e1n teljes\u00edtett kilom\u00e9ter t\u00e1vols\u00e1got, iskolavezet\u0151-, tanul\u00f3-, szakoktat\u00f3 al\u00e1\u00edr\u00e1s\u00e1t. <\/span><\/p><p><span style=\"color: black;\">3) Egy\u00e9b kezelt dokumentumok melyek fentieken t\u00fal tov\u00e1bbi adatot nem tartalmaznak:<\/span><\/p><p><span style=\"color: black;\">Tanul\u00f3\u00f6sszes\u00edt\u0151 \u00e9s Vezet\u00e9si nyilv\u00e1ntart\u00f3 karton, Elm\u00e9leti oktat\u00e1shoz tanfolyamnapl\u00f3<\/span><\/p><p><br><\/p><p><strong style=\"color: black;\"><u>1.2 Adatkezel\u0151 m\u0171k\u00f6d\u00e9s\u00e9vel kapcsolatos adatok kezel\u00e9se<\/u><\/strong><\/p><p><span style=\"color: black;\">Az Adatkezel\u0151k\u00e9nt a szolg\u00e1ltat\u00e1sainak ny\u00fajt\u00e1s\u00e1hoz az egyes \u00fcgyfelekkel t\u00f6rt\u00e9n\u0151 kapcsolatfelv\u00e9tel, szerz\u0151d\u00e9sk\u00f6t\u00e9s, kapcsolattart\u00e1s c\u00e9lj\u00e1b\u00f3l felsorolt dokumentumokat pap\u00edr-alapon tartjuk nyilv\u00e1n, emellett sz\u00e1m\u00edt\u00f3g\u00e9pen iskolai nyilv\u00e1ntart\u00f3 programban is nyilv\u00e1n tartjuk. (Depo Aut\u00f3siskolai Nyilv\u00e1ntart\u00f3 -&nbsp;Lomart Bt.)<\/span><\/p><p><span style=\"color: black;\">Azon jelentkez\u0151kkel (\u00fcgyfelek, tanul\u00f3k) akik aj\u00e1nlatunkat elfogadj\u00e1k, k\u00e9pz\u00e9si szerz\u0151d\u00e9st k\u00f6t\u00fcnk, adataikat szerz\u0151d\u00e9ses jogviszony alapj\u00e1n kezelj\u00fck.<\/span><\/p><p><span style=\"color: black;\">Azon jelentkez\u0151k adatait akikkel szerz\u0151d\u00e9sk\u00f6t\u00e9sre nem ker\u00fcl sor t\u00f6r\u00f6lj\u00fck.<\/span><\/p><p><span style=\"color: black;\">Szerz\u0151d\u00e9ses jogviszonyban \u00e1ll\u00f3 \u00fcgyfeleink adatai id\u0151szakosan, 5 \u00e9ves \u0151rz\u00e9si id\u0151 figyelembev\u00e9tel\u00e9vel ker\u00fclnek t\u00f6rl\u00e9sre.<\/span><\/p><p><span style=\"color: black;\">Amennyiben felment\u00e9sr\u0151l sz\u00f3l\u00f3 igazol\u00e1s, vagy kor\u00e1bban megszerzett jogos\u00edtv\u00e1ny (mint \u00fcgyf\u00e9l hozz\u00e1j\u00e1rul\u00e1s\u00e1val a hat\u00f3s\u00e1gnak t\u00f6rt\u00e9n\u0151 beny\u00fajt\u00e1s c\u00e9lj\u00e1b\u00f3l k\u00e9sz\u00fclt okm\u00e1nym\u00e1solat) sz\u00fcks\u00e9ges a jelentkez\u00e9shez, ezen okm\u00e1nyokat a hat\u00f3s\u00e1gnak t\u00f6rt\u00e9n\u0151 beny\u00fajt\u00e1s ut\u00e1n nem \u0151rizz\u00fck meg, ezek m\u00e1solatai megsemmis\u00edt\u00e9sre ker\u00fclnek.<\/span><\/p><p><strong style=\"color: black;\"><u>1.3 Adatkezel\u0151 \u00e1ltal \u00fczemeltetett https:\/\/lalisulisopron.freewb.hu\/ weboldal<\/u><\/strong><\/p><p><span style=\"color: black;\">Adatkezel\u0151 \u00fczemeltetett weboldalon \u00fcgyfeleink (tanul\u00f3k) r\u00e9sz\u00e9re t\u00e1j\u00e9koztat\u00e1st k\u00edv\u00e1nunk ny\u00fajtani indul\u00f3 tanfolyamainkr\u00f3l \u00e9s statisztik\u00e1nkr\u00f3l. A honlap kiz\u00e1r\u00f3lag t\u00e1j\u00e9koztat\u00e1sra szolg\u00e1l, szem\u00e9lyes adatot nem kezel.<\/span><\/p><p><strong style=\"color: black;\"><u>1.4 Adatkezel\u0151 \u00e1ltal \u00fczemeltetett Facebook oldal <\/u><\/strong><\/p><p><span style=\"color: black;\">Adatkezel\u0151 \u00e1ltala \u00fczemeltetett Facebook Profillal rendelkezik. Adatkezel\u0151 \u00e1ltala \u00fczemeltetett Facebook Profillal nem rendelkezik. Az k\u00e9pz\u00e9svezet\u0151 saj\u00e1t Facebook profilj\u00e1n az adatkezel\u0151 tev\u00e9kenys\u00e9gr\u0151l val\u00f3 t\u00e1j\u00e9koztat\u00e1s megjelenik, de ezen k\u00f6rben szem\u00e9lyes adatok kezel\u00e9s\u00e9re nem ker\u00fcl sor.<\/span><\/p><p><strong style=\"color: black;\">2. Az adatkezel\u00e9s c\u00e9lja \u00e9s id\u0151tartama<\/strong><\/p><p><strong style=\"color: black;\"><u>2.1 Adatkezel\u00e9s c\u00e9lja<\/u><\/strong><\/p><p><span style=\"color: black;\">Adatkezel\u0151 az \u00e1ltala ny\u00fajtott egyes szolg\u00e1ltat\u00e1sok biztos\u00edt\u00e1s\u00e1hoz haszn\u00e1lja fel az adatokat, az 1.1 pontban meghat\u00e1rozott tev\u00e9kenys\u00e9g v\u00e9gz\u00e9se c\u00e9lj\u00e1b\u00f3l.<\/span><\/p><p><strong style=\"color: black;\"><u>2.2 Adatkezel\u00e9s id\u0151tartama<\/u><\/strong><\/p><p><span style=\"color: black;\">A G\u00e9pj\u00e1rm\u0171 vezet\u0151 k\u00e9pz\u0151 szolg\u00e1ltat\u00e1s tekintet\u00e9ben Adatkezel\u0151 a szem\u00e9lyes adatokat Felek k\u00f6z\u00f6tt l\u00e9trej\u00f6tt szerz\u0151d\u00e9ses jogviszony ideje alatt kezeli. A felek k\u00f6z\u00f6tti szerz\u0151d\u00e9s teljes\u00edt\u00e9se ut\u00e1n a 24\/2005. (IV.21)\u00e9vi GKM rendeletben meghat\u00e1rozott 5 \u00e9ves nyilv\u00e1ntart\u00e1si ideig \u0151rzi meg. Adatkezel\u0151 tov\u00e1bbi, a szerz\u0151d\u00e9s teljes\u00edt\u00e9se sor\u00e1n tudom\u00e1s\u00e1ra jutott egy\u00e9b adatokat nyilv\u00e1ntart\u00e1s\u00e1b\u00f3l a szerz\u0151d\u00e9s teljes\u00edt\u00e9s\u00e9t k\u00f6vet\u0151en t\u00f6rli.<\/span><\/p><p><span style=\"color: black;\">Adatkezel\u0151 a munkav\u00e1llal\u00f3i munkaviszony\u00e1val kapcsolatos adatokat 8 \u00e9vig \u0151rzi meg.<\/span><\/p><p><span style=\"color: black;\">Adatkezel\u0151 az \u00e1ltala \u00fczemeltetett Weboldallal kapcsolatban szem\u00e9lyes adatokat az adatkezel\u00e9s c\u00e9lj\u00e1nak fenn\u00e1ll\u00e1sa alatt azaz aj\u00e1nlatk\u00e9r\u00e9ssel, jelentkez\u00e9ssel, kapcsolatban kezel, ezen adatok t\u00f6rl\u00e9sre ker\u00fclnek amennyiben szerz\u0151d\u00e9ses jogviszony nem keletkezik.<\/span><\/p><p><strong style=\"color: black;\">3. A szem\u00e9lyes adatok kezel\u00e9s\u00e9nek jogalapja<\/strong><\/p><p><strong style=\"color: black;\"><u>3. G\u00e9pj\u00e1rm\u0171 vezet\u0151 k\u00e9pz\u0151 szolg\u00e1ltat\u00e1s<\/u><\/strong><\/p><p><span style=\"color: black;\">A szolg\u00e1ltat\u00e1s tekintet\u00e9ben a szem\u00e9lyes adatok kezel\u00e9s\u00e9nek joga a Felek k\u00f6z\u00f6tt l\u00e9trej\u00f6tt szerz\u0151d\u00e9ses jogviszony teljes\u00edt\u00e9se, valamint az adatkezel\u0151re vonatkoz\u00f3 jogi k\u00f6telezetts\u00e9g teljes\u00edt\u00e9s\u00e9n alapul. Kapcsolattart\u00e1s c\u00e9lj\u00e1ra szolg\u00e1l\u00f3 adatok tekintet\u00e9ben az adatkezel\u00e9s \u00fcgyf\u00e9l \u00f6nk\u00e9ntes hozz\u00e1j\u00e1rul\u00e1s\u00e1n alapul.<\/span><\/p><p><strong style=\"color: black;\">4. Szem\u00e9lyes adatok megismerhet\u0151s\u00e9ge<\/strong><\/p><p><span style=\"color: black;\">A szem\u00e9lyes adatok k\u00f6zvetlen megismer\u00e9s\u00e9re kiz\u00e1r\u00f3lag Adatkezel\u0151 jogosult.<\/span><\/p><p><span style=\"color: black;\">A <\/span><strong style=\"color: black;\">Peszlen Lajos EV<\/strong><span style=\"color: black;\"> az \u00dcgyfelek \u00e9s Felhaszn\u00e1l\u00f3k adatainak biztons\u00e1gos t\u00e1rol\u00e1s\u00e1\u00e9rt technikailag minden elv\u00e1rhat\u00f3t megtesz. Az 1. pontban meghat\u00e1rozott \u00e9s kezelt adatok tekintet\u00e9ben Adatkezel\u0151 a legnagyobb k\u00f6r\u00fcltekint\u00e9ssel j\u00e1r el, azt szigor\u00faan bizalmasan kezeli. <\/span><\/p><p><span style=\"color: black;\">Az Adatkezel\u0151 munkat\u00e1rsai az adatok kezel\u00e9se ter\u00e9n k\u00fcl\u00f6nb\u00f6z\u0151 jogosults\u00e1gokkal rendelkeznek:<\/span><\/p><p><span style=\"color: black;\">Teljes k\u00f6r\u0171 hozz\u00e1f\u00e9r\u00e9ssel rendelkezik: Iskolavezet\u0151-v\u00e1llalkoz\u00f3<\/span><\/p><p><span style=\"color: black;\">Kiz\u00e1r\u00f3lag az 1. pontban meghat\u00e1rozott vezet\u00e9si kartonban felt\u00fcntetett adatokhoz f\u00e9r hozz\u00e1: gyakorlati oktat\u00e1st v\u00e9gz\u0151 alkalmazott vagy alv\u00e1llalkoz\u00f3. <\/span><\/p><p><span style=\"color: black;\">Kiz\u00e1r\u00f3lag a tanul\u00f3k nev\u00e9hez, sz\u00fclet\u00e9si adataihoz f\u00e9rnek hozz\u00e1 az elm\u00e9leti oktat\u00f3 munkat\u00e1rsak (Oktat\u00e1si napl\u00f3)<\/span><\/p><p><span style=\"color: black;\">A gyakorlati oktat\u00e1st v\u00e9gz\u0151 munkav\u00e1llal\u00f3k\/megb\u00edzottak\/alv\u00e1llalkoz\u00f3k vizsga alkalm\u00e1val ellen\u0151rz\u00e9sre \u00e1tadj\u00e1k vizsgabiztos r\u00e9sz\u00e9re a vezet\u00e9si kartont, de vizsgabiztos ezen adatokat ezut\u00e1n nem kezeli. Ezzel jogszab\u00e1lyi k\u00f6telezetts\u00e9g\u00fcket teljes\u00edtik (24\/2005. (IV.21)\u00e9vi GKM rendelet)<\/span><\/p><p class=\"ql-align-justify\"><strong>5. Adattov\u00e1bb\u00edt\u00e1s<\/strong><\/p><p class=\"ql-align-justify\">A jelen Adatv\u00e9delmi t\u00e1j\u00e9koztat\u00f3 elfogad\u00e1s\u00e1val Felhaszn\u00e1l\u00f3 az adatv\u00e9delmi elveinket tudom\u00e1sul v\u00e9ve kifejezetten hozz\u00e1j\u00e1rul ahhoz, hogy az Adatkezel\u0151 a vele k\u00f6zvetlen szerz\u0151d\u00e9ses viszonyban \u00e1ll\u00f3 szolg\u00e1ltat\u00f3k r\u00e9sz\u00e9re, a rendelkez\u00e9sre bocs\u00e1tott adatok vonatkoz\u00e1s\u00e1ban adattov\u00e1bb\u00edt\u00e1st v\u00e9gezzen. A tov\u00e1bb\u00edtott adatokat minden \u00e9rintett kiz\u00e1r\u00f3lag a szerz\u0151d\u00e9ses feladat teljes\u00edt\u00e9se \u00e9rdek\u00e9ben haszn\u00e1lhatja fel, azokat tov\u00e1bbi felhaszn\u00e1l\u00e1s c\u00e9lj\u00e1b\u00f3l meg\u0151rizni, vagy harmadik szem\u00e9lynek tov\u00e1bbadni semmilyen form\u00e1ban nem jogosult. Az adattov\u00e1bb\u00edt\u00e1s c\u00e9lja: Adatkezel\u0151 szerz\u0151d\u00e9ses feladatainak teljes\u00edt\u00e9se. A t\u00e1rolt adatokat a t\u00f6rv\u00e9nyben meghat\u00e1rozott esetek (pl. b\u00fcntet\u0151elj\u00e1r\u00e1s keret\u00e9ben) illetve szerz\u0151d\u00e9ses feladatainak teljes\u00edt\u00e9se kiv\u00e9tel\u00e9vel, egy\u00e9b harmadik szem\u00e9ly sz\u00e1m\u00e1ra nem tessz\u00fck hozz\u00e1f\u00e9rhet\u0151v\u00e9.<\/p><p class=\"ql-align-justify\"><strong>Az Adatkezel\u0151 adattov\u00e1bb\u00edt\u00e1st az al\u00e1bbi partnerek r\u00e9sz\u00e9re v\u00e9gez:<\/strong><\/p><p><strong>1 N\u00e9v:&nbsp;<\/strong> J\u00f3zsa Edit, mint adatkezel\u0151 <strong>K\u00d6NYVEL\u0150JE<\/strong><\/p><p><strong>Sz\u00e9khely:&nbsp;9400 Sopron, Sch\u00f6nherr_Malom utca 47 1\/A<\/strong><\/p><p><br><\/p><p><br><\/p><p>Adatkezel\u0151 a fenti k\u00f6nyvel\u0151iroda r\u00e9sz\u00e9re csak a megb\u00edz\u00e1sa teljes\u00edt\u00e9s\u00e9hez sz\u00fcks\u00e9ges adatokat tov\u00e1bb\u00edtja amelyek:<\/p><p><br><\/p><ul><li>Munkav\u00e1llal\u00f3 munkaszerz\u0151d\u00e9se \u00e9s az abban foglalt adatok.<\/li><\/ul><p><u>A tov\u00e1bb\u00edtott adatok k\u00f6re<\/u><strong>: <\/strong>n\u00e9v, anyja neve, sz\u00fclet\u00e9si hely id\u0151, c\u00edm, ad\u00f3azonos\u00edt\u00f3, TAJ sz\u00e1m, munkab\u00e9r<\/p><p><u>Az adattov\u00e1bb\u00edt\u00e1s c\u00e9lja:<\/u> jogszab\u00e1lyi k\u00f6telezetts\u00e9g teljes\u00edt\u00e9se<\/p><p><br><\/p><ul><li>V\u00e1llalkoz\u00e1s p\u00e9nz\u00fcgyi bizonylatai, illetve azt al\u00e1t\u00e1maszt\u00f3 dokumentumok<\/li><\/ul><p><u>A tov\u00e1bb\u00edtott adatok k\u00f6re:<\/u><strong> <\/strong>t\u00e9teles felsorol\u00e1s nem lehets\u00e9ges<\/p><p><u>Az adattov\u00e1bb\u00edt\u00e1s c\u00e9lja: <\/u>k\u00f6nyvel\u0151 megb\u00edz\u00e1sa teljes\u00edt\u00e9s\u00e9nek el\u0151seg\u00edt\u00e9se<u>, <\/u>az ad\u00f3z\u00e1sr\u00f3l \u00e9s sz\u00e1mvitelr\u0151l sz\u00f3l\u00f3 vonatkoz\u00f3 jogszab\u00e1lyokban foglaltak teljes\u00edt\u00e9se<\/p><p><br><\/p><p><br><\/p><p><strong>2 N\u00e9v:&nbsp;<\/strong> <strong>KAV Nonprofit KFT Fel\u00fcgyeleti \u00e9s M\u00f3dszertani Igazgat\u00f3s\u00e1g, <\/strong>mint adatkezel\u0151.<\/p><p><strong>Sz\u00e9khely:<\/strong>1082 Budapest, Vajdahunyad u. 45.<\/p><p><strong>KAV K\u00f6z\u00fati Vizsg\u00e1ztat\u00e1si Igazgat\u00f3s\u00e1g, <\/strong>Nyugat-dun\u00e1nt\u00fali J\u00e1rm\u0171vezet\u0151 Vizsg\u00e1ztat\u00e1si \u00e9s Ut\u00e1nk\u00e9pz\u00e9si F\u0151oszt\u00e1ly<strong>. <\/strong>Gy\u0151r-Moson-Sopron Megyei Vizsgaszervez\u00e9si \u00e9s Ut\u00e1nk\u00e9pz\u00e9si Oszt\u00e1ly. g\u00e9pj\u00e1rm\u0171vezet\u0151i vizsgafelt\u00e9telek ellen\u0151rz\u00e9se \u00e9s a vizsga lebonyol\u00edt\u00e1s\u00e1ban.<\/p><p><strong>Sz\u00e9khely: <\/strong>9028 Gy\u0151r, Tatai u 3<\/p><p><br><\/p><p>Adatkezel\u0151 a fenti partner r\u00e9sz\u00e9re a megb\u00edz\u00e1sa teljes\u00edt\u00e9s\u00e9hez sz\u00fcks\u00e9ges adatokat tov\u00e1bb\u00edtja amelyek:<\/p><p><u>A tov\u00e1bb\u00edtott adatok k\u00f6re<\/u><strong>: <\/strong>1. pontban meghat\u00e1rozott jelentkez\u00e9si lapon \u00e9s vezet\u00e9si kartonon felt\u00fcntetett adatok, tov\u00e1bb\u00e1 kor\u00e1bbi bizony\u00edtv\u00e1nyok \u00e9s vizsgaeredm\u00e9nyek, mentess\u00e9geket igazol\u00f3 okiratok m\u00e1solatai<\/p><p><u>Az adattov\u00e1bb\u00edt\u00e1s c\u00e9lja:<\/u> jogszab\u00e1lyi k\u00f6telezetts\u00e9g teljes\u00edt\u00e9se<\/p><p><br><\/p><p><strong>3 N\u00e9v:&nbsp;E-Educatio Inform\u00e1ci\u00f3technol\u00f3giai ZRT<\/strong>. <strong>mint adatkezel\u0151 szerz\u0151d\u00e9ses<\/strong> <strong>partnere az e-learning k\u00e9pz\u00e9s tekintet\u00e9ben<\/strong><\/p><p><strong>Sz\u00e9khely:&nbsp;<\/strong>[1111 Budapest, Budafoki \u00fat 59.]<\/p><p><br><\/p><p>Adatkezel\u0151 a fenti partner r\u00e9sz\u00e9re a megb\u00edz\u00e1sa teljes\u00edt\u00e9s\u00e9hez sz\u00fcks\u00e9ges adatokat tov\u00e1bb\u00edtja amelyek:<\/p><p><u>A tov\u00e1bb\u00edtott adatok k\u00f6re<\/u><strong>: <\/strong>1. pontban meghat\u00e1rozott jelentkez\u00e9si lapon felt\u00fcntetett adatok<\/p><p><u>Az adattov\u00e1bb\u00edt\u00e1s c\u00e9lja:<\/u> szerz\u0151d\u00e9ses k\u00f6telezetts\u00e9g teljes\u00edt\u00e9se<\/p><p><br><\/p><p><br><\/p><p class=\"ql-align-justify\"><strong>Adattov\u00e1bb\u00edt\u00e1s k\u00fclf\u00f6ldre<\/strong><\/p><p class=\"ql-align-justify\">Az Adatkezel\u0151 szem\u00e9lyes adatot harmadik orsz\u00e1gban adatkezel\u00e9st folytat\u00f3 adatkezel\u0151 r\u00e9sz\u00e9re akkor tov\u00e1bb\u00edthat, vagy harmadik orsz\u00e1gban adatfeldolgoz\u00e1st v\u00e9gz\u0151 adatfeldolgoz\u00f3 r\u00e9sz\u00e9re akkor adhat \u00e1t, ha ahhoz az \u00e9rintett kifejezetten hozz\u00e1j\u00e1rult, vagy az adatkezel\u00e9snek a mindenkor hat\u00e1lyos adatv\u00e9delmi jogszab\u00e1lyok rendelkez\u00e9sei teljes\u00fclnek, \u00e9s a harmadik orsz\u00e1gban az \u00e1tadott adatok kezel\u00e9se, valamint feldolgoz\u00e1sa sor\u00e1n biztos\u00edtott a szem\u00e9lyes adatok megfelel\u0151 szint\u0171 v\u00e9delme.<\/p><p class=\"ql-align-justify\">Az Adatkezel\u0151 szem\u00e9lyes adatokat a nemzetk\u00f6zi jogseg\u00e9lyr\u0151l, az ad\u00f3\u00fcgyi inform\u00e1ci\u00f3cser\u00e9r\u0151l, valamint a kett\u0151s ad\u00f3ztat\u00e1s elker\u00fcl\u00e9s\u00e9r\u0151l sz\u00f3l\u00f3 nemzetk\u00f6zi szerz\u0151d\u00e9s v\u00e9grehajt\u00e1sa \u00e9rdek\u00e9ben, a nemzetk\u00f6zi szerz\u0151d\u00e9sben meghat\u00e1rozott c\u00e9lb\u00f3l, felt\u00e9telekkel \u00e9s adatk\u00f6rben tov\u00e1bb\u00edt harmadik orsz\u00e1gba. Az EGT-\u00e1llamba ir\u00e1nyul\u00f3 adattov\u00e1bb\u00edt\u00e1st \u00fagy kell tekinteni, mintha Magyarorsz\u00e1g ter\u00fclet\u00e9n bel\u00fcli adattov\u00e1bb\u00edt\u00e1sra ker\u00fclne sor.<\/p><p class=\"ql-align-justify\"><strong>6. Az adatfeldolgoz\u00f3 adatai, el\u00e9rhet\u0151s\u00e9ge<\/strong><\/p><p class=\"ql-align-justify\">Az Adatkezel\u0151 kiz\u00e1r\u00f3lag olyan adatfeldolgoz\u00f3kat vesz ig\u00e9nybe, akik megfelel\u0151 garanci\u00e1kat ny\u00fajtanak az adatkezel\u00e9s mindenkor hat\u00e1lyos adatv\u00e9delmi jogszab\u00e1lyok el\u0151\u00edr\u00e1sainak val\u00f3 megfelel\u00e9s\u00e9ben, kiemelten biztos\u00edtj\u00e1k az \u00e9rintettek jogainak v\u00e9delm\u00e9t, tov\u00e1bb\u00e1 megfelel\u0151 technikai \u00e9s szervez\u00e9si int\u00e9zked\u00e9sek tesznek a szem\u00e9lyes adatok v\u00e9delme \u00e9rdek\u00e9ben.<\/p><p class=\"ql-align-justify\">Az Adatkezel\u0151 r\u00e9sz\u00e9re az adatok kezel\u00e9se sor\u00e1n Adatfeldolgoz\u00f3k\u00e9nt az al\u00e1bbi partnerek j\u00e1rnak el:<\/p><p><strong>N\u00e9v:&nbsp;<\/strong> \u2026\u2026\u2026\u2026\u2026\u2026\u2026\u2026\u2026\u2026\u2026\u2026\u2026..<\/p><p><strong>Sz\u00e9khely:&nbsp;\u2026\u2026\u2026\u2026\u2026\u2026\u2026\u2026\u2026\u2026\u2026\u2026.<\/strong><\/p><p><br><\/p><p class=\"ql-align-justify\"><strong>A adatfeldolgoz\u00f3 ig\u00e9nybev\u00e9tel\u00e9nek c\u00e9lja:&nbsp;<\/strong>t\u00e1rhely szolg\u00e1ltat\u00e1s ig\u00e9nybev\u00e9tele szerz\u0151d\u00e9s szerint<\/p><p class=\"ql-align-justify\"><br><\/p><p class=\"ql-align-justify\"><strong>7. A Felhaszn\u00e1l\u00f3 jogai<\/strong><\/p><p class=\"ql-align-justify\">Adatkezel\u0151 a Felhaszn\u00e1l\u00f3 k\u00e9r\u00e9s\u00e9re t\u00e1j\u00e9koztat\u00e1st ad az \u00e1ltala kezelt szem\u00e9lyes adatair\u00f3l, azok forr\u00e1s\u00e1r\u00f3l, az adatkezel\u00e9s c\u00e9lj\u00e1r\u00f3l, jogalapj\u00e1r\u00f3l, id\u0151tartam\u00e1r\u00f3l, tov\u00e1bb\u00e1 - az \u00e9rintett szem\u00e9lyes adatainak tov\u00e1bb\u00edt\u00e1sa eset\u00e9n - az adattov\u00e1bb\u00edt\u00e1s jogalapj\u00e1r\u00f3l \u00e9s c\u00edmzettj\u00e9r\u0151l. A t\u00e1j\u00e9koztat\u00e1s k\u00e9rhet\u0151 e-mailben: az <a href=\"mailto:lalisuli@freemail.hu\" target=\"_blank\" style=\"color: rgb(0, 0, 255);\"><strong>lalisuli@freemail.hu<\/strong><\/a><strong> <\/strong>e-mail c\u00edmen \u00e9s postai lev\u00e9l \u00fatj\u00e1n a k\u00f6vetkez\u0151 postai c\u00edmen: <strong>Peszlen Lajos EV, 9400 Sopron Lackner Krist\u00f3f utca 16. <\/strong>mindk\u00e9t esetben a szem\u00e9lyazonoss\u00e1g igazol\u00e1s\u00e1val \u00e9s a levelez\u00e9si c\u00edm megad\u00e1s\u00e1val. Adatkezel\u0151 a k\u00e9relem be\u00e9rkez\u00e9s\u00e9t\u0151l sz\u00e1m\u00edtott legk\u00e9s\u0151bb 30 (harminc) napon bel\u00fcl, \u00edr\u00e1sban v\u00e1laszol.<\/p><p class=\"ql-align-justify\">Felhaszn\u00e1l\u00f3 jogosult k\u00e9rni a szem\u00e9lyes adatai helyesb\u00edt\u00e9s\u00e9t (megjel\u00f6lve a helyes adatokat) szint\u00e9n az <a href=\"mailto:lalisuli@freemail.hu\" target=\"_blank\" style=\"color: rgb(0, 0, 255);\"><strong>lalisuli@freemail.hu<\/strong><\/a><strong> <\/strong>e-mail c\u00edmen \u00e9s postai lev\u00e9l \u00fatj\u00e1n a k\u00f6vetkez\u0151 postai c\u00edmen:<strong> Peszlen Lajos EV, 9400 Sopron, Lackner Krist\u00f3f utca 16.<\/strong>, mindk\u00e9t esetben szem\u00e9lyazonoss\u00e1g\u00e1nak igazol\u00e1s\u00e1val \u00e9s a levelez\u00e9si c\u00edm megad\u00e1s\u00e1val. Adatkezel\u0151 a helyesb\u00edt\u00e9st halad\u00e9ktalanul elv\u00e9gzi a nyilv\u00e1ntart\u00e1s\u00e1ban, \u00e9s ennek megt\u00f6rt\u00e9nt\u00e9r\u0151l \u00edr\u00e1sban \u00e9rtes\u00edti az \u00e9rintettet.<\/p><p class=\"ql-align-justify\">Felhaszn\u00e1l\u00f3 a fentieken k\u00edv\u00fcl b\u00e1rmikor k\u00e9rheti az adatai t\u00f6rl\u00e9s\u00e9t vagy kezel\u00e9s\u00e9nek korl\u00e1toz\u00e1s\u00e1t <a href=\"mailto:info@rutin98.hu\" target=\"_blank\" style=\"color: rgb(0, 0, 255);\"><strong>lalisuli@freemail.hu<\/strong><\/a> e-mail c\u00edmen \u00e9s postai lev\u00e9l \u00fatj\u00e1n a <strong>Peszlen Lajos EV,<\/strong> <strong>9400 Sopron, Lackner Krist\u00f3f utca 16.<\/strong> postai c\u00edmen ingyenesen, indokol\u00e1s n\u00e9lk\u00fcl, szem\u00e9lyazonoss\u00e1g\u00e1nak igazol\u00e1s\u00e1val \u00e9s a levelez\u00e9si c\u00edm megad\u00e1s\u00e1val. Adatkezel\u0151 a t\u00f6rl\u00e9si k\u00e9relem k\u00e9zhezv\u00e9tel\u00e9t k\u00f6vet\u0151en halad\u00e9ktalanul gondoskodik az adatkezel\u00e9s megsz\u00fcntet\u00e9s\u00e9r\u0151l, \u00e9s t\u00f6rli a Felhaszn\u00e1l\u00f3t a nyilv\u00e1ntart\u00e1s\u00e1b\u00f3l.<\/p><p class=\"ql-align-justify\">T\u00f6rl\u00e9s helyett az Adatkezel\u0151 a szem\u00e9lyes adatok kezel\u00e9s\u00e9t korl\u00e1tozza, ha a Felhaszn\u00e1l\u00f3 ezt k\u00e9ri. Ha az adatkezel\u00e9s korl\u00e1toz\u00e1s al\u00e1 esik, az ilyen szem\u00e9lyes adatokat a t\u00e1rol\u00e1s kiv\u00e9tel\u00e9vel csak az \u00e9rintett hozz\u00e1j\u00e1rul\u00e1s\u00e1val, vagy jogi ig\u00e9nyek el\u0151terjeszt\u00e9s\u00e9hez, \u00e9rv\u00e9nyes\u00edt\u00e9s\u00e9hez vagy v\u00e9delm\u00e9hez, vagy m\u00e1s term\u00e9szetes vagy jogi szem\u00e9ly jogainak v\u00e9delme \u00e9rdek\u00e9ben, vagy az Uni\u00f3, illetve valamely tag\u00e1llam fontos k\u00f6z\u00e9rdek\u00e9b\u0151l lehet kezelni.<\/p><p class=\"ql-align-justify\">Amennyiben az Adatkezel\u0151 a Felhaszn\u00e1l\u00f3 helyesb\u00edt\u00e9s, kezel\u00e9s\u00e9nek korl\u00e1toz\u00e1sa vagy t\u00f6rl\u00e9s ir\u00e1nti k\u00e9relm\u00e9t nem teljes\u00edti, a k\u00e9relem k\u00e9zhezv\u00e9tel\u00e9t k\u00f6vet\u0151 30 napon bel\u00fcl \u00edr\u00e1sban k\u00f6zli a helyesb\u00edt\u00e9s, kezel\u00e9s korl\u00e1toz\u00e1sa vagy t\u00f6rl\u00e9s ir\u00e1nti k\u00e9relem elutas\u00edt\u00e1s\u00e1nak t\u00e9nybeli \u00e9s jogi indokait. A helyesb\u00edt\u00e9s, t\u00f6rl\u00e9s vagy kezel\u00e9s korl\u00e1toz\u00e1sa ir\u00e1nti k\u00e9relem elutas\u00edt\u00e1sa eset\u00e9n az Adatkezel\u0151 t\u00e1j\u00e9koztatja a Felhaszn\u00e1l\u00f3t a b\u00edr\u00f3s\u00e1gi jogorvoslat, tov\u00e1bb\u00e1 a Nemzeti Adatv\u00e9delmi \u00e9s Inform\u00e1ci\u00f3szabads\u00e1g Hat\u00f3s\u00e1ghoz t\u00f6rt\u00e9n\u0151 fordul\u00e1s lehet\u0151s\u00e9g\u00e9r\u0151l.<\/p><p class=\"ql-align-justify\">A<u> Felhaszn\u00e1l\u00f3 tiltakozhat szem\u00e9lyes adat\u00e1nak kezel\u00e9se ellen<\/u>,<\/p><ul><li class=\"ql-align-justify\">ha a szem\u00e9lyes adatok kezel\u00e9se vagy tov\u00e1bb\u00edt\u00e1sa kiz\u00e1r\u00f3lag az Adatkezel\u0151re vonatkoz\u00f3 jogi k\u00f6telezetts\u00e9g teljes\u00edt\u00e9s\u00e9hez vagy az Adatkezel\u0151, adat\u00e1tvev\u0151 vagy harmadik szem\u00e9ly jogos \u00e9rdek\u00e9nek \u00e9rv\u00e9nyes\u00edt\u00e9s\u00e9hez sz\u00fcks\u00e9ges, kiv\u00e9ve k\u00f6telez\u0151 adatkezel\u00e9s eset\u00e9n;<\/li><li class=\"ql-align-justify\">ha a szem\u00e9lyes adat felhaszn\u00e1l\u00e1sa vagy tov\u00e1bb\u00edt\u00e1sa k\u00f6zvetlen \u00fczletszerz\u00e9s, k\u00f6zv\u00e9lem\u00e9ny-kutat\u00e1s vagy tudom\u00e1nyos kutat\u00e1s c\u00e9lj\u00e1ra t\u00f6rt\u00e9nik; valamint<\/li><li class=\"ql-align-justify\">a t\u00f6rv\u00e9nyben meghat\u00e1rozott egy\u00e9b esetben.<\/li><\/ul><p class=\"ql-align-justify\">Az Adatkezel\u0151 a tiltakoz\u00e1st a k\u00e9relem beny\u00fajt\u00e1s\u00e1t\u00f3l sz\u00e1m\u00edtott legr\u00f6videbb id\u0151n bel\u00fcl, de legfeljebb 15 napon bel\u00fcl megvizsg\u00e1lja, annak megalapozotts\u00e1ga k\u00e9rd\u00e9s\u00e9ben d\u00f6nt\u00e9st hoz, \u00e9s d\u00f6nt\u00e9s\u00e9r\u0151l a k\u00e9relmez\u0151t \u00edr\u00e1sban t\u00e1j\u00e9koztatja. Ha a Felhaszn\u00e1l\u00f3 az Adatkezel\u0151 d\u00f6nt\u00e9s\u00e9vel nem \u00e9rt egyet, illetve ha az Adatkezel\u0151 a fenti hat\u00e1rid\u0151t elmulasztja, a Felhaszn\u00e1l\u00f3 \u2013 a d\u00f6nt\u00e9s k\u00f6zl\u00e9s\u00e9t\u0151l, illetve a hat\u00e1rid\u0151 utols\u00f3 napj\u00e1t\u00f3l sz\u00e1m\u00edtott 30 napon bel\u00fcl b\u00edr\u00f3s\u00e1ghoz fordulhat.<\/p><p class=\"ql-align-justify\"><strong>8. Weboldal haszn\u00e1lata sor\u00e1n gy\u0171jt\u00f6tt adatok<\/strong><\/p><p class=\"ql-align-justify\">Amennyiben a Felhaszn\u00e1l\u00f3 a Weboldalon kifejezetten nem ad meg saj\u00e1t mag\u00e1ra vonatkoz\u00f3 adatot, inform\u00e1ci\u00f3t, \u00fagy az Adatkezel\u0151 semmilyen, a Felhaszn\u00e1l\u00f3ra vonatkoz\u00f3 szem\u00e9lyes adatot nem gy\u0171jt vagy kezel olyan m\u00f3don, amely alapj\u00e1n a Felhaszn\u00e1l\u00f3 szem\u00e9ly szerint beazonos\u00edthat\u00f3 lenne.<\/p><p class=\"ql-align-justify\">A Weboldalra l\u00e1togat\u00e1ssal valamennyi Felhaszn\u00e1l\u00f3 hozz\u00e1j\u00e1rul ahhoz, hogy az Adatkezel\u0151 a T\u00e1j\u00e9koztat\u00f3 jelen r\u00e9sz\u00e9ben \u00edrt adatokat, inform\u00e1ci\u00f3kat r\u00f6gz\u00edtsen, valamint a r\u00f6gz\u00edt\u00e9shez sz\u00fcks\u00e9ges cookie-kat elhelyezzen.<\/p><p class=\"ql-align-justify\">Ilyen adatok a Felhaszn\u00e1l\u00f3 bejelentkez\u0151 sz\u00e1m\u00edt\u00f3g\u00e9p\u00e9nek azon adatai, amelyek a Weboldal haszn\u00e1lata sor\u00e1n gener\u00e1l\u00f3dnak \u00e9s, amelyeket Adatkezel\u0151 rendszere a technikai folyamatok automatikus eredm\u00e9nyek\u00e9nt r\u00f6gz\u00edt. Az automatikusan r\u00f6gz\u00edt\u00e9sre ker\u00fcl\u0151 adatokat a rendszer \u2013 a Felhaszn\u00e1l\u00f3 k\u00fcl\u00f6n nyilatkozata vagy cselekm\u00e9nye n\u00e9lk\u00fcl \u2013 a Weboldalra l\u00e1togat\u00e1skor, illetve kil\u00e9p\u00e9skor automatikusan napl\u00f3zza.<\/p><p class=\"ql-align-justify\">Ezen adatok egy\u00e9b szem\u00e9lyes felhaszn\u00e1l\u00f3i adatokkal nem ker\u00fclnek \u00f6sszekapcsol\u00e1sra, azaz a Felhaszn\u00e1l\u00f3 ezen adatok alapj\u00e1n nem beazonos\u00edthat\u00f3. Az ilyen adatokhoz kiz\u00e1r\u00f3lag az Adatkezel\u0151 f\u00e9r hozz\u00e1. Ezen adatok k\u00fcl\u00f6nb\u00f6z\u0151 technol\u00f3gi\u00e1k, \u00edgy cookie-k, web beacon-ok \u00e9s napl\u00f3f\u00e1jlok alkalmaz\u00e1s\u00e1val gy\u0171jthet\u0151k.<\/p><p class=\"ql-align-justify\">Az ilyen adatok a k\u00f6vetkez\u0151 inform\u00e1ci\u00f3kat tartalmazz\u00e1k:<\/p><p class=\"ql-align-justify\"><strong>Cookie-k:<\/strong>&nbsp;a cookie-k r\u00f6vid sz\u00f6veg file-ok, amelyeket a weboldal k\u00fcld a felhaszn\u00e1l\u00f3 sz\u00e1m\u00edt\u00f3g\u00e9p\u00e9nek merevlemez\u00e9re, \u00e9s a haszn\u00e1l\u00f3ra vonatkoz\u00f3 inform\u00e1ci\u00f3kat tartalmaznak.&nbsp;<\/p><p class=\"ql-align-justify\"><strong>Napl\u00f3f\u00e1jlok:&nbsp;<\/strong>az internetb\u00f6ng\u00e9sz\u0151 automatikusan tov\u00e1bb\u00edt bizonyos m\u00e1s adatokat is a weboldal fel\u00e9, mint p\u00e9ld\u00e1ul a Felhaszn\u00e1l\u00f3 sz\u00e1m\u00edt\u00f3g\u00e9p\u00e9nek IP c\u00edme (pl. 192.168.2.1), a Felhaszn\u00e1l\u00f3 \u00e1ltal haszn\u00e1lt oper\u00e1ci\u00f3s rendszer, illetve b\u00f6ng\u00e9sz\u0151program t\u00edpusa, a domain n\u00e9v, ahonnan a felhaszn\u00e1l\u00f3 a weboldalra l\u00e1togatott, valamint a felhaszn\u00e1l\u00f3 \u00e1ltal, a weboldalon bel\u00fcl megl\u00e1togatott aloldalak, a weboldalon megn\u00e9zett tartalmak.<\/p><p class=\"ql-align-justify\">Az Adatkezel\u0151 \u2013 hasonl\u00f3an m\u00e1s, weboldalt \u00fczemeltet\u0151 szolg\u00e1ltat\u00f3khoz \u2013 kielemzi ezeket az adatokat, hogy meg tudja \u00e1llap\u00edtani, melyek a Weboldal azon ter\u00fcletei, amelyek n\u00e9pszer\u0171bbek a t\u00f6bbin\u00e9l. Tov\u00e1bb\u00e1 m\u00e1s nagyobb szolg\u00e1ltat\u00f3hoz hasonl\u00f3an, ezeket az adatokat az Adatkezel\u0151 arra is haszn\u00e1lja, hogy a weboldal-\u00e9lm\u00e9nyt a felhaszn\u00e1l\u00f3 ig\u00e9nyei szerint is alak\u00edtsa.<\/p><p class=\"ql-align-justify\"><strong>9. Weboldal haszn\u00e1lata sor\u00e1n gy\u0171jt\u00f6tt adatok felhaszn\u00e1l\u00e1sa<\/strong><\/p><p class=\"ql-align-justify\">A fent eml\u00edtett technol\u00f3gi\u00e1kkal gy\u0171jt\u00f6tt adatok nem haszn\u00e1lhat\u00f3k fel a Felhaszn\u00e1l\u00f3 azonos\u00edt\u00e1s\u00e1ra, \u00e9s az Adatkezel\u0151 nem is kapcsolja \u00f6ssze ezen adatokat semmilyen egy\u00e9b, esetlegesen azonos\u00edt\u00e1sra alkalmas adattal.<\/p><p class=\"ql-align-justify\">Az ilyen adatok felhaszn\u00e1l\u00e1s\u00e1nak els\u0151dleges c\u00e9lja, hogy az Adatkezel\u0151 a Weboldalt megfelel\u0151en m\u0171k\u00f6dtetni tudja, amelyhez sz\u00fcks\u00e9ges k\u00fcl\u00f6n\u00f6sen a Weboldalra l\u00e1togat\u00e1si adatok nyomon k\u00f6vet\u00e9se, \u00e9s a Weboldal haszn\u00e1lattal kapcsolatos esetleges vissza\u00e9l\u00e9sek kisz\u0171r\u00e9se. A jelen t\u00e1j\u00e9koztat\u00f3ban meghat\u00e1rozott adatokat egyebekben az Adatkezel\u0151 szem\u00e9lyes preferenci\u00e1i (pl. legs\u0171r\u0171bben n\u00e9zett tartalmak a Weboldalon) c\u00e9lj\u00e1b\u00f3l is felhaszn\u00e1lhatja.<\/p><p class=\"ql-align-justify\">Az Adatkezel\u0151 a fentieken k\u00edv\u00fcl felhaszn\u00e1lhatja ezen inform\u00e1ci\u00f3kat arra, hogy felhaszn\u00e1l\u00e1si tendenci\u00e1kat elemezzen, illetve a Weboldal funkci\u00f3it jav\u00edtsa, fejlessze, tov\u00e1bb\u00e1, hogy \u00e1tfog\u00f3 forgalmi adatokat szerezzen a Weboldal teljes haszn\u00e1latr\u00f3l.<\/p><p class=\"ql-align-justify\"><strong>10. Cookie-k kikapcsol\u00e1sa:<\/strong><\/p><p class=\"ql-align-justify\">Amennyiben nem szeretn\u00e9, hogy az Adatkezel\u0151 a fentiekben \u00edrt inform\u00e1ci\u00f3kat gy\u0171jts\u00f6n \u00d6nr\u0151l a Weboldal haszn\u00e1lat\u00e1val \u00f6sszef\u00fcgg\u00e9sben, az internetb\u00f6ng\u00e9sz\u0151 be\u00e1ll\u00edt\u00e1saiban r\u00e9szben vagy eg\u00e9szben kikapcsolhatja a cookie-k haszn\u00e1lat\u00e1t, vagy egy\u00e9bk\u00e9nt m\u00f3dos\u00edthatja a cookie \u00fczenetek be\u00e1ll\u00edt\u00e1sait.<\/p><p class=\"ql-align-justify\">Ilyen esetben azonban elfogadja, hogy a Weboldalon megjelen\u00edtett tartalmak nem v\u00e1logatott m\u00f3don ker\u00fclnek megjelen\u00edt\u00e9sre a preferenci\u00e1i szerint, bizonyos szolg\u00e1ltat\u00e1sok nem lesznek el\u00e9rhet\u0151ek, vagy nem olyan m\u00f3don, ahogyan egy\u00e9bk\u00e9nt a cookie-k enged\u00e9lyez\u00e9s\u00e9vel lenne, \u00e9s a Weboldal felhaszn\u00e1l\u00f3 \u00e9lm\u00e9nyt sem tudja \u00edgy az Adatkezel\u0151 ugyanolyan m\u00e9rt\u00e9kben biztos\u00edtani.<\/p><p class=\"ql-align-justify\"><strong>11. Linkek<\/strong><\/p><p class=\"ql-align-justify\">A Peszlen Lajos EV a Weboldalr\u00f3l ugr\u00f3pontk\u00e9nt el\u00e9rhet\u0151 k\u00fcls\u0151 honlapok tartalm\u00e1\u00e9rt, adat- \u00e9s inform\u00e1ci\u00f3v\u00e9delmi gyakorlat\u00e1\u00e9rt nem v\u00e1llal felel\u0151ss\u00e9get. Amennyiben a Peszlen Lajos EV tudom\u00e1s\u00e1ra jut, hogy az \u00e1ltala linkelt oldal vagy linkel\u00e9s harmadik szem\u00e9lyek jogait vagy a hat\u00e1lyos jogszab\u00e1lyokat s\u00e9rti, a linket halad\u00e9ktalanul elt\u00e1vol\u00edtja a Weboldalr\u00f3l.&nbsp;<\/p><p class=\"ql-align-justify\"><strong>12. Adatbiztons\u00e1g<\/strong><\/p><p class=\"ql-align-justify\">Az Adatkezel\u0151 k\u00f6telezi mag\u00e1t arra, hogy gondoskodik az adatok biztons\u00e1g\u00e1r\u00f3l, megteszi tov\u00e1bb\u00e1 azokat a technikai \u00e9s szervez\u00e9si int\u00e9zked\u00e9seket, \u00e9s kialak\u00edtja azokat az elj\u00e1r\u00e1si szab\u00e1lyokat, amelyek biztos\u00edtj\u00e1k, hogy a felvett, t\u00e1rolt, illetve kezelt adatok v\u00e9dettek legyenek, illet\u0151leg megakad\u00e1lyozza azok megsemmis\u00fcl\u00e9s\u00e9t, jogosulatlan felhaszn\u00e1l\u00e1s\u00e1t \u00e9s jogosulatlan megv\u00e1ltoztat\u00e1s\u00e1t. K\u00f6telezi mag\u00e1t arra is, hogy minden olyan harmadik felet, akiknek az adatokat a Felhaszn\u00e1l\u00f3k hozz\u00e1j\u00e1rul\u00e1sa alapj\u00e1n tov\u00e1bb\u00edtja vagy \u00e1tadja, felh\u00edvja, hogy eleget tegyenek az adatbiztons\u00e1g k\u00f6vetelm\u00e9ny\u00e9nek.<\/p><p class=\"ql-align-justify\">Adatkezel\u0151 gondoskodik arr\u00f3l, hogy a kezelt adatokhoz illet\u00e9ktelen szem\u00e9ly ne f\u00e9rhessen hozz\u00e1, ne hozhassa nyilv\u00e1noss\u00e1gra, ne tov\u00e1bb\u00edthassa, valamint azokat ne m\u00f3dos\u00edthassa, t\u00f6r\u00f6lhesse. A kezelt adatokat kiz\u00e1r\u00f3lag Adatkezel\u0151 alkalmazottai ismerhetik meg, azokat Adatkezel\u0151 harmadik, az adat megismer\u00e9s\u00e9re jogosults\u00e1ggal nem rendelkez\u0151 szem\u00e9lynek nem adja \u00e1t.<\/p><p class=\"ql-align-justify\">Adatkezel\u0151 megtesz minden t\u0151le telhet\u0151t annak \u00e9rdek\u00e9ben, hogy az adatok v\u00e9letlen\u00fcl se s\u00e9r\u00fcljenek, illetve semmis\u00fcljenek meg. A fenti k\u00f6telezetts\u00e9gv\u00e1llal\u00e1st Adatkezel\u0151 az adatkezel\u00e9si tev\u00e9kenys\u00e9gben r\u00e9szt vev\u0151 munkav\u00e1llal\u00f3i r\u00e9sz\u00e9re is el\u0151\u00edrja.<\/p><p class=\"ql-align-justify\">Adatkezel\u0151 semmilyen k\u00f6r\u00fclm\u00e9nyek k\u00f6z\u00f6tt nem gy\u0171jt k\u00fcl\u00f6nleges adatokat, azaz olyan adatokat, amelyek faji eredetre, a nemzeti \u00e9s etnikai kisebbs\u00e9ghez tartoz\u00e1sra, a politikai v\u00e9lem\u00e9nyre vagy p\u00e1rt\u00e1ll\u00e1sra, a vall\u00e1sos vagy m\u00e1s vil\u00e1gn\u00e9zeti meggy\u0151z\u0151d\u00e9sre, az \u00e9rdek-k\u00e9pviseleti szervezeti tags\u00e1gra, az eg\u00e9szs\u00e9gi \u00e1llapotra, a k\u00f3ros szenved\u00e9lyre, a szexu\u00e1lis \u00e9letre, valamint b\u00fcntetett el\u0151\u00e9letre vonatkoznak.<\/p><p class=\"ql-align-justify\">Adatv\u00e9delmi incidens eset\u00e9n az Adatkezel\u0151 indokolatlan k\u00e9sedelem n\u00e9lk\u00fcl, legk\u00e9s\u0151bb 72 \u00f3r\u00e1val az ut\u00e1n, hogy az adatv\u00e9delmi incidens a tudom\u00e1s\u00e1ra jutott, bejelenti a fel\u00fcgyeleti hat\u00f3s\u00e1gnak, kiv\u00e9ve, ha az adatv\u00e9delmi incidens val\u00f3sz\u00edn\u0171s\u00edthet\u0151en nem j\u00e1r kock\u00e1zattal a term\u00e9szetes szem\u00e9lyek jogaira \u00e9s szabads\u00e1gaira n\u00e9zve. Azon nem v\u00e1rt esetben, ha a bejelent\u00e9s nem t\u00f6rt\u00e9nik meg 72 \u00f3r\u00e1n bel\u00fcl, Adatkezel\u0151 a bejelent\u00e9shez mell\u00e9keli a k\u00e9sedelem igazol\u00e1s\u00e1ra szolg\u00e1l\u00f3 indokokat is.<\/p><p class=\"ql-align-justify\">Amennyiben az adatv\u00e9delmi incidens val\u00f3sz\u00edn\u0171s\u00edthet\u0151en magas kock\u00e1zattal j\u00e1r a term\u00e9szetes szem\u00e9lyek jogaira \u00e9s szabads\u00e1gaira n\u00e9zve, az Adatkezel\u0151 indokolatlan k\u00e9sedelem n\u00e9lk\u00fcl t\u00e1j\u00e9koztatja az \u00e9rintettet az adatv\u00e9delmi incidensr\u0151l.<\/p><p class=\"ql-align-justify\">Az Adatkezel\u0151 az \u00e9rintett r\u00e9sz\u00e9re adott, a val\u00f3sz\u00edn\u0171s\u00edthet\u0151en magas kock\u00e1zattal j\u00e1r\u00f3 adatv\u00e9delmi incidenssel kapcsolatos t\u00e1j\u00e9koztat\u00e1sa sor\u00e1n:<\/p><ul><li class=\"ql-align-justify\">vil\u00e1gosan \u00e9s k\u00f6z\u00e9rthet\u0151en ismerteti az adatv\u00e9delmi incidens jelleg\u00e9t;<\/li><li class=\"ql-align-justify\">inform\u00e1ci\u00f3t ny\u00fajt a tov\u00e1bbi t\u00e1j\u00e9koztat\u00e1st ad\u00f3 egy\u00e9b kapcsolattart\u00f3 nev\u00e9r\u0151l \u00e9s el\u00e9rhet\u0151s\u00e9geir\u0151l;<\/li><li class=\"ql-align-justify\">ismerteti az adatv\u00e9delmi incidensb\u0151l ered\u0151, val\u00f3sz\u00edn\u0171s\u00edthet\u0151 k\u00f6vetkezm\u00e9nyeket;<\/li><li class=\"ql-align-justify\">ismerteti az Adatkezel\u0151 \u00e1ltal az adatv\u00e9delmi incidens orvosl\u00e1s\u00e1ra tett vagy tervezett int\u00e9zked\u00e9seket, bele\u00e9rtve adott esetben az adatv\u00e9delmi incidensb\u0151l ered\u0151 esetleges h\u00e1tr\u00e1nyos k\u00f6vetkezm\u00e9nyek enyh\u00edt\u00e9s\u00e9t c\u00e9lz\u00f3 int\u00e9zked\u00e9seket.<\/li><\/ul><p class=\"ql-align-justify\"><strong>13. Kamerarendszer \u00e1ltal r\u00f6gz\u00edtett adatok KOCSIBAN VAN ! \u00d3R\u00c1NK\u00c9NT T\u00d6RLI MAG\u00c1T CSAK A FORGALMI HELYZATAT VESZI \u00c9S A TANUL\u00d3T K\u00c9P \u00c9S HANG.<\/strong><\/p><p class=\"ql-align-justify\">Adatkezel\u0151 g\u00e9pj\u00e1rm\u0171v\u00e9ben a forgalmi helyzetet r\u00f6gz\u00edt\u0151 kamera tal\u00e1lhat\u00f3. A tanul\u00f3 jelen szab\u00e1lyzat megismer\u00e9s\u00e9vel \u00e9s a k\u00e9pz\u00e9si szerz\u0151d\u00e9s al\u00e1\u00edr\u00e1s\u00e1val a kamera haszn\u00e1lat\u00e1hoz, felv\u00e9tel k\u00e9sz\u00edt\u00e9s\u00e9hez hozz\u00e1j\u00e1rul. A rendszer \u00fczemeletet\u00e9s\u00e9nek k\u00f6zvetlen forgalmi szitu\u00e1ci\u00f3 \u00e9s a tanul\u00f3 reakci\u00f3j\u00e1nak dokument\u00e1l\u00e1sa, azaz oktat\u00e1si c\u00e9l. A felv\u00e9telek 1 \u00f3ra id\u0151tartam eltelt\u00e9vel automatikusan t\u00f6rl\u00e9sre ker\u00fclnek, illetve fel\u00fcl\u00edr\u00f3dnak az \u00fajabb felv\u00e9tellel.<\/p><p class=\"ql-align-justify\">Ezen technikai eszk\u00f6z\u00f6k kiz\u00e1r\u00f3lag a sz\u00fcks\u00e9ges \u00e9s ar\u00e1nyos m\u00e9rt\u00e9kben ker\u00fclnek alkalmaz\u00e1sra, az inform\u00e1ci\u00f3s \u00f6nrendelkez\u00e9si jog korl\u00e1toz\u00e1s\u00e1val nem j\u00e1rhatnak. A kamerarendszerrel kapcsolatos sz\u00fcks\u00e9ges t\u00e1j\u00e9koztat\u00e1s az aut\u00f3ban jelezve van. Az, akinek jog\u00e1t vagy jogos \u00e9rdek\u00e9t a k\u00e9pfelv\u00e9tel \u00e9rinti, jog\u00e1nak vagy jogos \u00e9rdek\u00e9nek igazol\u00e1s\u00e1val k\u00e9rheti, hogy az adat ne ker\u00fclj\u00f6n t\u00f6rl\u00e9sre.<\/p><p class=\"ql-align-justify\">B\u00edr\u00f3s\u00e1g vagy m\u00e1s hat\u00f3s\u00e1g megkeres\u00e9s\u00e9re a r\u00f6gz\u00edtett k\u00e9pfelv\u00e9telt halad\u00e9ktalanul megk\u00fcldj\u00fck.<\/p><p class=\"ql-align-justify\"><strong>14. Jog\u00e9rv\u00e9nyes\u00edt\u00e9si lehet\u0151s\u00e9gek<\/strong><\/p><p class=\"ql-align-justify\">Adatkezel\u0151 mindent elk\u00f6vet, hogy a szem\u00e9lyes adatok kezel\u00e9se a jogszab\u00e1lyoknak megfelel\u0151en t\u00f6rt\u00e9nj\u00e9k, amennyiben \u00fagy \u00e9rzi ennek nem felelt\u00fcnk meg, \u00fagy k\u00e9rj\u00fck, \u00edrjon nek\u00fcnk az <a href=\"mailto:info@rutin98.hu\" target=\"_blank\" style=\"color: rgb(0, 0, 255);\"><strong>lalisuli@freemail.hu<\/strong><\/a><strong> <\/strong>e-mail c\u00edmre vagy postai lev\u00e9l \u00fatj\u00e1n a <strong>Peszlen Lajos EV,<\/strong> <strong>9400 Sopron, Lackner Krist\u00f3f utca 16.<\/strong> c\u00edmre.<\/p><p class=\"ql-align-justify\">Amennyiben \u00fagy \u00e9rzi, hogy megs\u00e9rtett\u00e9k a szem\u00e9lyes adatok v\u00e9delm\u00e9hez val\u00f3 jog\u00e1t az ir\u00e1nyad\u00f3 jogszab\u00e1lyok szerint jogorvoslattal \u00e9lhet a hat\u00e1sk\u00f6rrel rendelkez\u0151 szervekn\u00e9l<\/p><ul><li class=\"ql-align-justify\">Nemzeti Adatv\u00e9delmi \u00e9s Inform\u00e1ci\u00f3szabads\u00e1g Hat\u00f3s\u00e1gn\u00e1l (c\u00edm: 1125 Budapest, Szil\u00e1gyi Erzs\u00e9bet fasor 22\/C.)<\/li><li class=\"ql-align-justify\">b\u00edr\u00f3s\u00e1gn\u00e1l.<\/li><\/ul><p class=\"ql-align-justify\"><strong>15. Egy\u00e9b rendelkez\u00e9sek<\/strong><\/p><p class=\"ql-align-justify\">Jelen T\u00e1j\u00e9koztat\u00f3ra a EU 2016\/679 Rendelete (<strong>\u201eGDPR\u201d<\/strong>), tov\u00e1bb\u00e1 a magyar jog, k\u00fcl\u00f6n\u00f6sen az inform\u00e1ci\u00f3s \u00f6nrendelkez\u00e9si jogr\u00f3l \u00e9s az inform\u00e1ci\u00f3szabads\u00e1gr\u00f3l sz\u00f3l\u00f3 2011. \u00e9vi CXII. t\u00f6rv\u00e9ny rendelkez\u00e9sei az ir\u00e1nyad\u00f3ak.<\/p><p class=\"ql-align-justify\"><br><\/p><p class=\"ql-align-justify\">Adatkezel\u0151 fenntartja a jogot, hogy a jelen Adatv\u00e9delmi t\u00e1j\u00e9koztat\u00f3t az \u00e9rintettek el\u0151zetes \u00e9rtes\u00edt\u00e9se mellett egyoldal\u00faan, b\u00e1rmikor m\u00f3dos\u00edtsa.<\/p><p class=\"ql-align-justify\"><strong>Sopron, 2020.04.16<\/strong><\/p><p class=\"ql-align-justify\"><br><\/p><p class=\"ql-align-justify\"><br><\/p><p class=\"ql-align-center\"><strong>Peszlen Lajos EV<\/strong><\/p><p class=\"ql-align-center\"><strong>Adatkezel\u0151<\/strong><\/p><p class=\"ql-align-justify\"><br><\/p><p class=\"ql-align-justify\"><br><\/p><p class=\"ql-align-justify\">A t\u00e1j\u00e9koztat\u00f3 a 2018. \u00e1prilis 21-\u00e9n hat\u00e1lyos hazai \u00e9s eur\u00f3pai adatv\u00e9delmi szab\u00e1lyoz\u00e1s alapj\u00e1n, valamint a Nemzeti Adatv\u00e9delmi \u00e9s Inform\u00e1ci\u00f3szabads\u00e1g Hat\u00f3s\u00e1g (NAIH) 2018. \u00e1prilis 21-ig k\u00f6zz\u00e9tett \u00e1ll\u00e1sfoglal\u00e1sainak figyelembev\u00e9tel\u00e9vel k\u00e9sz\u00fclt.<\/p><p class=\"ql-align-justify\"><br><\/p><p class=\"ql-align-justify\"><strong>KIT\u00d6LTEND\u0150 ADATKEZEL\u00c9SSEL KAPCSOLATOS FELHASZN\u00c1L\u00d3I\/TANUL\u00d3I T\u00c1J\u00c9KOZTAT\u00c1S K\u00c9R\u00c9S ESET\u00c9N<\/strong><\/p><p class=\"ql-align-center\"><strong>1 SZ. MELL\u00c9KLET<\/strong><\/p><p class=\"ql-align-center\"><strong>\u00c9RINTETT T\u00c1J\u00c9KOZTAT\u00c1SA SZEM\u00c9LYES ADATOK KEZEL\u00c9S\u00c9R\u0150L<\/strong><\/p><p class=\"ql-align-justify\"><br><\/p><p><em>C\u00edmzett neve<\/em><\/p><p><em>\u00c9rtes\u00edt\u00e9si c\u00edme<\/em><\/p><p><strong><u>T\u00e1rgy:<\/u><\/strong> T\u00e1j\u00e9koztat\u00e1s szem\u00e9lyes adatok kezel\u00e9s\u00e9r\u0151l<\/p><p><br><\/p><p><br><\/p><p>Tisztelt K\u00e9relmez\u0151!<\/p><p><br><\/p><p class=\"ql-align-justify\">\u2026\u2026\u2026\u2026\u2026\u2026\u2026\u2026\u2026<em>..<\/em> napj\u00e1n azzal a konkr\u00e9t k\u00e9r\u00e9ssel fordult T\u00e1rsas\u00e1gunkhoz, mint adatkezel\u0151h\u00f6z, hogy a fenti EU Adatv\u00e9delmi Rendelet\u00e9nek megfelel\u0151en t\u00e1j\u00e9koztassuk \u00d6nt, mint \u00c9RINTETT MAG\u00c1NSZEM\u00c9LYT az \u00e1ltalunk v\u00e9gzett adatkezel\u00e9sr\u0151l, adatokr\u00f3l \u00e9s a kapcsol\u00f3d\u00f3 vonatkoz\u00e1sokr\u00f3l.<\/p><p class=\"ql-align-justify\">A GDPR rendelet 13. cikke alapj\u00e1n ez\u00faton t\u00e1j\u00e9koztatjuk \u00d6nt az adatkezel\u00e9sr\u0151l:.<\/p><p><strong>Az adatkezel\u0151 \/k\u00e9pvisel\u0151je\/ megnevez\u00e9se \u00e9s el\u00e9rhet\u0151s\u00e9gek:<\/strong><\/p><p>N\u00e9v:<\/p><p>Tel:<\/p><p>E-mail:<\/p><p><br><\/p><p><br><\/p><p><strong>Az adatv\u00e9delmi tisztvisel\u0151 van-e, el\u00e9rhet\u0151s\u00e9gei:<\/strong><\/p><p><strong>van\/nincs<\/strong><\/p><p><br><\/p><p>N\u00e9v:<\/p><p>Tel:<\/p><p>Mail:<\/p><p><strong>Adatkezel\u00e9s c\u00e9lja:<\/strong><\/p><p><br><\/p><p><strong>Az adatkezel\u00e9s jogalapja:<\/strong><\/p><p>Jogszab\u00e1ly \/ szerz\u0151d\u00e9s \/ hozz\u00e1j\u00e1rul\u00e1s<\/p><p><strong>A szem\u00e9lyes adatok forr\u00e1sa:<\/strong><\/p><p><br><\/p><p><strong>A szem\u00e9lyes adatok t\u00e1rol\u00e1s\u00e1nak id\u0151tartama (hat\u00e1rozott vagy visszavon\u00e1sig) :<\/strong><\/p><p><br><\/p><p><strong>Hat\u00e1rozott id\u0151tartam eset\u00e9n, lej\u00e1rat ideje:<\/strong><\/p><p><br><\/p><p><strong>Adattov\u00e1bb\u00edt\u00e1s harmadik orsz\u00e1gba vagy nemzetk\u00f6zi szervezet r\u00e9sz\u00e9re t\u00f6rt\u00e9nik-e, ha igen akkor hov\u00e1:<\/strong><\/p><p><br><\/p><p><strong>Szem\u00e9lyes adat kateg\u00f3ri\u00e1i:<\/strong><\/p><p><br><\/p><p><strong>Jogi k\u00f6telezetts\u00e9g teljes\u00edt\u00e9se, mint jogalap fenn\u00e1ll-e:<\/strong><\/p><p><br><\/p><p><strong>A fenn\u00e1ll\u00f3 jogi k\u00f6telezetts\u00e9g megnevez\u00e9se:<\/strong><\/p><p><br><\/p><p><strong>Szerz\u0151d\u00e9ses k\u00f6telezetts\u00e9g teljes\u00edt\u00e9se mint jogalap fenn\u00e1ll-e:<\/strong><\/p><p><br><\/p><p><strong>A szerz\u0151d\u00e9ses k\u00f6telezetts\u00e9g megnevez\u00e9se:<\/strong><\/p><p><br><\/p><p><strong>Adattov\u00e1bb\u00edt\u00e1sok c\u00edmzettjei:<\/strong><\/p><p><br><\/p><p><strong>Jogos \u00e9rdek\u0171 adatkezel\u00e9s fenn\u00e1ll-e:<\/strong><\/p><p><br><\/p><p><strong>Jogos \u00e9rdek megnevez\u00e9se:<\/strong><\/p><p><br><\/p><p><strong>\u00c9rdekm\u00e9rlegel\u00e9st v\u00e9geztek e?<\/strong><\/p><p><br><\/p><p><strong>Jogos \u00e9rdek\u0171 adatkezel\u00e9s fenn\u00e1ll-e \u00e9s mi a jogos \u00e9rdek megnevez\u00e9se:<\/strong><\/p><p><strong>\u00e9rdekm\u00e9rlegel\u00e9s:<\/strong><\/p><p><br><\/p><p><strong>Jogi k\u00f6telezetts\u00e9g teljes\u00edt\u00e9se, mint jogalap fenn\u00e1ll-e \u00e9s a jogi k\u00f6telezetts\u00e9g megnevez\u00e9se:<\/strong><\/p><p><br><\/p><p><strong>Szerz\u0151d\u00e9ses k\u00f6telezetts\u00e9g teljes\u00edt\u00e9se mint jogalap fenn\u00e1ll-e \u00e9s a hivatkozott megnevez\u00e9se:<\/strong><\/p><p><br><\/p><p class=\"ql-align-justify\"><br><\/p><p class=\"ql-align-justify\"><br><\/p><p class=\"ql-align-justify\">Adatkezel\u0151k\u00e9nt k\u00f6teless\u00e9g\u00fcnk t\u00e1j\u00e9koztatni \u00d6nt, mint \u00e9rintett mag\u00e1nszem\u00e9lyt, hogy:<\/p><ul><li>k\u00e9rheti egy vagy t\u00f6bb adat\u00e1nak korl\u00e1toz\u00e1s\u00e1t<\/li><li>k\u00e9rheti, hogy az automatiz\u00e1lt d\u00f6nt\u00e9s hat\u00e1lya ne terjedjen ki \u00d6nre<\/li><li>k\u00e9rheti adatainak \u00e1tad\u00e1s\u00e1t vagy tov\u00e1bb\u00edt\u00e1s\u00e1t<\/li><li>t\u00e1j\u00e9koztat\u00e1st k\u00e9rhet a kezelt adatokr\u00f3l, jogalapr\u00f3l, c\u00e9lr\u00f3l \u00e9s a kezel\u00e9s id\u0151tartam\u00e1r\u00f3l<\/li><li>k\u00e9rheti egy vagy t\u00f6bb adat\u00e1nak m\u00f3dos\u00edt\u00e1s\u00e1t<\/li><li>k\u00e9rheti adataihoz val\u00f3 hozz\u00e1f\u00e9r\u00e9s\u00e9t<\/li><li>tiltakozhat egy vagy t\u00f6bb adata kezel\u00e9se ellen<\/li><li>hozz\u00e1j\u00e1rul\u00e1s\u00e1t visszavonhatja<\/li><li>panaszt jogosult beny\u00fajtani a k\u00f6vetkez\u0151 el\u00e9rhet\u0151s\u00e9gek valamelyik\u00e9n:<\/li><\/ul><p>Nemzeti Adatv\u00e9delmi \u00e9s Inform\u00e1ci\u00f3szabads\u00e1g Hat\u00f3s\u00e1g<\/p><p>Sz\u00e9khely: 1125 Budapest Szil\u00e1gyi Erzs\u00e9bet fasor 22\/c<\/p><p>Postac\u00edm:1530 Budapest, Pf.: 5.<\/p><p>Telefonsz\u00e1m: +36 (1) 391-1400<\/p><p>K\u00f6zponti elektronikus lev\u00e9lc\u00edm: ugyfelszolgalat@naih.hu<\/p><p>Amennyiben b\u00e1rmilyen k\u00e9r\u00e9se vagy k\u00e9rd\u00e9se van az adatkezel\u00e9ssel kapcsolatban, k\u00e9relm\u00e9t postai \u00faton a \u2026\u2026.................\u2026\u2026\u2026.. c\u00edmre vagy elektronikusan a \u2026....................c\u00edmre k\u00fcldheti. V\u00e1laszainkat k\u00e9sedelem n\u00e9lk\u00fcl, de legfeljebb 30 napon bel\u00fcl k\u00fcldj\u00fck az \u00d6n \u00e1ltal meghat\u00e1rozott c\u00edmre.<\/p><p class=\"ql-align-justify\"><br><\/p><p class=\"ql-align-justify\"><br><\/p><p class=\"ql-align-justify\">T\u00e1j\u00e9koztatjuk, hogy a Polg\u00e1ri Peres elj\u00e1r\u00e1sr\u00f3l sz\u00f3l\u00f3 2016. \u00e9vi CXXX. t\u00f6rv\u00e9ny vonatkoz\u00f3 rendelkez\u00e9sei alapj\u00e1n minden \u00e9rintett mag\u00e1nszem\u00e9lynek joga van peres elj\u00e1r\u00e1st is kezdem\u00e9nyezni.<\/p><p class=\"ql-align-justify\"><br><\/p><p class=\"ql-align-justify\"><br><\/p><p class=\"ql-align-justify\"><br><\/p><p class=\"ql-align-justify\"><br><\/p><p class=\"ql-align-justify\">Budapest, 20... ...................<\/p><p class=\"ql-align-justify\"><br><\/p><p class=\"ql-align-justify\"><br><\/p><p class=\"ql-align-justify\">..................<em>Peszlen Lajos EV<\/em>........... adatkezel\u0151<\/p><p class=\"ql-align-justify\"><br><\/p><p class=\"ql-align-justify\"><br><\/p><p class=\"ql-align-center\"><strong>MINDEN MUNKAV\u00c1LLAL\u00d3NAK \u00c1TADNI AZ \u00c1TV\u00c9TEL IGAZOL\u00c1S\u00c1VAL<\/strong><\/p><p class=\"ql-align-center\"><br><\/p><p class=\"ql-align-center\"><br><\/p><p class=\"ql-align-center\"><strong>2 SZ. MELL\u00c9KLET<\/strong><\/p><p class=\"ql-align-center\"><strong>ADATKEZEL\u00c9SI, TITOKTART\u00c1SI \u00c9S INFORM\u00c1CI\u00d3 BIZTONS\u00c1GI SZAB\u00c1LYZAT \u2013 MUNKAV\u00c1LLAL\u00d3I NYILATKOZAT SZAB\u00c1LYZAT<\/strong><\/p><p class=\"ql-align-center\"><strong>I.<\/strong><\/p><p class=\"ql-align-center\"><strong>Munkav\u00e1llal\u00f3 adatai<\/strong><\/p><p><br><\/p><p><br><\/p><ol><li><strong><u>A kezelt adatok k\u00f6re<\/u><\/strong><\/li><\/ol><p class=\"ql-align-justify\">Munk\u00e1ltat\u00f3 mint adatkezel\u0151 a munkav\u00e1llal\u00f3k szem\u00e9lyes adatait kezeli a munkaer\u0151felv\u00e9telt\u0151l kezd\u0151d\u0151en.<\/p><p class=\"ql-align-justify\">Kezelt szem\u00e9lyes adatok:<\/p><p class=\"ql-align-justify\"><br><\/p><ol><li class=\"ql-align-justify\">n\u00e9v, sz\u00fclet\u00e9si hely \u00e9s id\u0151, anyja neve, lakc\u00edme, TAJ sz\u00e1ma, ad\u00f3azonos\u00edt\u00f3 jele, banksz\u00e1mla sz\u00e1ma<\/li><li class=\"ql-align-justify\">letilt\u00e1sra vonatkoz\u00f3 adatok<\/li><li class=\"ql-align-justify\">levon\u00e1sra (pl. szakszervezeti d\u00edj) vonatkoz\u00f3 adatok<\/li><li class=\"ql-align-justify\">c\u00e9ges webhaszn\u00e1lat, c\u00e9ges telefonhaszn\u00e1lat, c\u00e9ges e-mail, c\u00e9ges aut\u00f3 \u00fczleti c\u00e9l\u00fa haszn\u00e1lat\u00e1nak ellen\u0151rz\u00e9se<\/li><li class=\"ql-align-justify\">k\u00e9pfelv\u00e9telek (kamerafelv\u00e9telek, egy\u00e9b pl. rendezv\u00e9nyen k\u00e9sz\u00fclt felv\u00e9telek)<\/li><li class=\"ql-align-justify\">\u2026\u2026\u2026\u2026\u2026\u2026\u2026\u2026\u2026..<\/li><li class=\"ql-align-justify\">\u2026\u2026\u2026\u2026\u2026\u2026\u2026\u2026\u2026\u2026<\/li><\/ol><p class=\"ql-align-justify\"><br><\/p><ol><li class=\"ql-align-justify\"><strong><u>\u00c9rintettek<\/u><\/strong><\/li><\/ol><p class=\"ql-align-justify\">Adatkezel\u0151 munkav\u00e1llal\u00f3i<\/p><p class=\"ql-align-justify\"><br><\/p><ol><li><strong><u>Az adatkezel\u00e9s c\u00e9lja<\/u><\/strong><\/li><\/ol><p class=\"ql-align-justify\">Tekintettel a tart\u00f3s jogviszonyra, a kezelt szem\u00e9lyes adatok sz\u00e9les k\u00f6r\u00e9re, az adatkezel\u00e9s c\u00e9lja adatcsoportonk\u00e9nt v\u00e1ltoz\u00f3.<\/p><p class=\"ql-align-justify\"><br><\/p><ol><li class=\"ql-align-justify\">n\u00e9v, sz\u00fclet\u00e9si hely \u00e9s id\u0151, anyja neve, lakc\u00edme, TAJ sz\u00e1ma, ad\u00f3azonos\u00edt\u00f3 jele, banksz\u00e1mla sz\u00e1ma \u00e9s letilt\u00e1sra vonatkoz\u00f3 adatok: munk\u00e1ltat\u00f3 t\u00f6rv\u00e9nyi k\u00f6telezetts\u00e9geinek teljes\u00edt\u00e9s\u00e9hez sz\u00fcks\u00e9ges (bejelent\u00e9si k\u00f6telezetts\u00e9g\u00e9nek, munkajogi, pl. munkab\u00e9rfizet\u00e9si k\u00f6telezetts\u00e9gek teljes\u00edt\u00e9se)<\/li><li class=\"ql-align-justify\">levon\u00e1sra (pl. szakszervezeti d\u00edj) vonatkoz\u00f3 adatok: munkav\u00e1llal\u00f3i megb\u00edz\u00e1s teljes\u00edt\u00e9se<\/li><li class=\"ql-align-justify\">c\u00e9ges webhaszn\u00e1lat, c\u00e9ges telefonhaszn\u00e1lat, c\u00e9ges e-mail, c\u00e9ges aut\u00f3 \u00fczleti c\u00e9l\u00fa haszn\u00e1lat\u00e1nak ellen\u0151rz\u00e9se: munka\u00fcgyi ellen\u0151rz\u00e9s<\/li><li class=\"ql-align-justify\">k\u00e9pfelv\u00e9telek (kamerafelv\u00e9telek, egy\u00e9b pl. rendezv\u00e9nyen k\u00e9sz\u00fclt felv\u00e9telek): kamerafelv\u00e9telek k\u00fcl\u00f6n szab\u00e1lyzatban r\u00f6gz\u00edtett adatkezel\u00e9s szerint, rendezv\u00e9nyen k\u00e9sz\u00fclt felv\u00e9telek: munka\u00fcgyi csapat\u00e9p\u00edt\u00e9s c\u00e9lj\u00e1b\u00f3l vagy marketing c\u00e9lb\u00f3l<\/li><li class=\"ql-align-justify\">\u2026\u2026\u2026\u2026\u2026\u2026\u2026\u2026\u2026..<\/li><li class=\"ql-align-justify\">\u2026\u2026\u2026\u2026\u2026\u2026\u2026\u2026\u2026\u2026<\/li><\/ol><p class=\"ql-align-justify\"><br><\/p><ol><li><strong><u>Az adatkezel\u00e9s jogalapja<\/u><\/strong><\/li><\/ol><p class=\"ql-align-justify\">Tekintettel a kezelt szem\u00e9lyes adatok sz\u00e9les k\u00f6r\u00e9re, az adatkezel\u00e9s c\u00e9lja adatcsoportonk\u00e9nt v\u00e1ltoz\u00f3, r\u00e9szben jogi k\u00f6telezetts\u00e9g teljes\u00edt\u00e9se, r\u00e9szben jogos \u00e9rdek, r\u00e9szben hozz\u00e1j\u00e1rul\u00e1s.<\/p><p class=\"ql-align-justify\"><br><\/p><p class=\"ql-align-justify\">Jogi k\u00f6telezetts\u00e9g teljes\u00edt\u00e9se:<\/p><p class=\"ql-align-justify\">Munk\u00e1ltat\u00f3 hat\u00f3s\u00e1g r\u00e9sz\u00e9re t\u00f6rt\u00e9n\u0151 bejelent\u00e9si k\u00f6telezetts\u00e9ge, Mt alapj\u00e1n fenn\u00e1ll\u00f3 munkab\u00e9rfizet\u00e9si k\u00f6telezetts\u00e9ge, hat\u00f3s\u00e1g \u00e1ltal elrendelt letilt\u00e1s teljes\u00edt\u00e9se<\/p><p class=\"ql-align-justify\"><br><\/p><p class=\"ql-align-justify\">Jogos \u00e9rdek:<\/p><p class=\"ql-align-justify\">Az adatkezel\u0151 az adatkezel\u00e9st jogos \u00e9rdek alapj\u00e1n v\u00e9gzi.<\/p><p class=\"ql-align-justify\">Az adatkezel\u0151 az \u00e9rdekm\u00e9rlegel\u00e9st elv\u00e9gezte, \u00e9s az al\u00e1bbiakat \u00e1llap\u00edtotta meg:<\/p><p class=\"ql-align-justify\"><br><\/p><ol><li class=\"ql-align-justify\">az \u00e9rintett jogai: szem\u00e9lyis\u00e9gi jogainak v\u00e9delme<\/li><li class=\"ql-align-justify\">jogos \u00e9rdek: szem\u00e9ly- \u00e9s vagyonv\u00e9delem<\/li><li class=\"ql-align-justify\">sz\u00fcks\u00e9gess\u00e9g \u00e9s ar\u00e1nyoss\u00e1g, c\u00e9lhoz k\u00f6t\u00f6tts\u00e9g, adattakar\u00e9koss\u00e1g figyelembe v\u00e9tele<\/li><li class=\"ql-align-justify\">az \u00e9rintettek t\u00e1j\u00e9koztat\u00e1sa jelen szab\u00e1lyzat munkav\u00e1llal\u00f3 r\u00e9sz\u00e9re t\u00f6rt\u00e9n\u0151 \u00e1tad\u00e1s\u00e1val<\/li><\/ol><p class=\"ql-align-justify\"><br><\/p><p class=\"ql-align-justify\">Hozz\u00e1j\u00e1rul\u00e1s:<\/p><ol><li class=\"ql-align-justify\">levon\u00e1sra (pl. szakszervezeti d\u00edj) vonatkoz\u00f3 adatok<\/li><li class=\"ql-align-justify\">k\u00e9pfelv\u00e9telek (pl. rendezv\u00e9nyen k\u00e9sz\u00fclt felv\u00e9telek)<\/li><\/ol><p class=\"ql-align-justify\"><br><\/p><ol><li><strong><u>Az \u00e9rintettek jogai<\/u><\/strong><\/li><\/ol><h3 class=\"ql-align-justify\">A szem\u00e9lyes adataihoz kapcsol\u00f3d\u00f3an a munkav\u00e1llal\u00f3nak mint \u00e9rintettnek a jogszab\u00e1lyban meghat\u00e1rozott jogai vannak.<\/h3><p>\u00c9rintetti jogok:<\/p><h4>hozz\u00e1f\u00e9r\u00e9si jog (adatok megismer\u00e9se, az a t\u00e9ny, hogy t\u00f6rt\u00e9nik-e adatkezel\u00e9s);<\/h4><h4>amennyiben egy adat elavult vagy helytelen, ennek kiigaz\u00edt\u00e1sa;<\/h4><h4>t\u00f6rl\u00e9s (kiz\u00e1r\u00f3lag a hozz\u00e1j\u00e1rul\u00e1son alapul\u00f3 adatkezel\u00e9s eset\u00e9n);<\/h4><h4>az adat kezel\u00e9s\u00e9nek korl\u00e1toz\u00e1sa;<\/h4><h4>a szem\u00e9lyes adatok direkt marketing c\u00e9lokra val\u00f3 haszn\u00e1lat\u00e1nak megtilt\u00e1sa;<\/h4><h4>szem\u00e9lyes adatainak harmadik szem\u00e9ly szolg\u00e1ltat\u00f3 sz\u00e1m\u00e1ra t\u00f6rt\u00e9n\u0151 \u00e1tad\u00e1sa, vagy ennek megtilt\u00e1sa;<\/h4><h4>b\u00e1rmely az adatkezel\u0151 \u00e1ltal kezelt szem\u00e9lyes adatr\u00f3l m\u00e1solat k\u00e9r\u00e9se; vagy<\/h4><h4>tiltakoz\u00e1s a szem\u00e9lyes adat haszn\u00e1lata ellen.<\/h4><p><br><\/p><ol><li><strong><u>Az adatkezel\u00e9s helye \u00e9s id\u0151tartama<\/u><\/strong><\/li><\/ol><p class=\"ql-align-justify\">Az adatokat a munk\u00e1ltat\u00f3 mint adatkezel\u0151 a sz\u00e9khely\u00e9n a munkaviszony fenn\u00e1ll\u00e1sa alatt \u00e9s a megsz\u0171n\u00e9st k\u00f6vet\u0151 8 \u00e9vig t\u00e1rolja. Kiv\u00e9telt k\u00e9pez a kamerai k\u00e9pfelv\u00e9tel, melyeket az adatkezel\u0151 sz\u00e9khely\u00e9n lev\u0151 k\u00f6zponti felvev\u0151egys\u00e9gen 3 munkanapig t\u00e1roljuk.<\/p><p class=\"ql-align-justify\"><br><\/p><p class=\"ql-align-justify\"><br><\/p><ol><li><strong><u>Az adatkezel\u0151 szem\u00e9ly<\/u><\/strong><\/li><li>Neve: <strong>Peszlen Lajos EV<\/strong><\/li><\/ol><p>El\u00e9rhet\u0151s\u00e9ge:<a href=\"mailto:info@rutin98.hu\" target=\"_blank\" style=\"color: rgb(0, 0, 255);\"><strong>lalisuli@freemail.hu<\/strong><\/a><\/p><p><br><\/p><p>Az adatfeldolgoz\u00f3 szem\u00e9ly (pl. b\u00e9rsz\u00e1mfejt\u0151)<\/p><p class=\"ql-align-justify\">Az adatfeldolgoz\u00f3 kiz\u00e1r\u00f3lag olyan utas\u00edt\u00e1sokat hajthat v\u00e9gre, amelyek \u00edr\u00e1sban r\u00f6gz\u00edtettek.<\/p><p class=\"ql-align-justify\">Titoktart\u00e1s k\u00f6telezi a szem\u00e9lyes adatok kezel\u00e9s\u00e9vel foglalkoz\u00f3 munkav\u00e1llal\u00f3kat.<\/p><p class=\"ql-align-justify\">Az adatbiztons\u00e1g garant\u00e1l\u00e1sa \u00e9rdek\u00e9ben az adatfeldolgoz\u00f3 v\u00e9grehajtja a szervez\u00e9si \u00e9s technikai int\u00e9zked\u00e9seket.<\/p><p class=\"ql-align-justify\">Az adatfeldolgoz\u00f3 seg\u00edti az adatkezel\u0151t abban, hogy teljes\u00edtse k\u00f6telezetts\u00e9geit.<\/p><p class=\"ql-align-justify\">Az adatfeldolgoz\u00f3 az adatkezel\u0151 d\u00f6nt\u00e9se alapj\u00e1n minden szem\u00e9lyes adatot visszajuttat az adatkezel\u0151nek vagy t\u00f6r\u00f6l, t\u00f6rli a megl\u00e9v\u0151 m\u00e1solatokat, egy kiv\u00e9tellel, ha a tag\u00e1llami vagy az uni\u00f3s jog az adatok t\u00e1rol\u00e1s\u00e1t \u00edrja el\u0151.<\/p><p class=\"ql-align-justify\">Az adatfeldolgoz\u00f3 el\u0151seg\u00edti \u00e9s lehet\u0151v\u00e9 teszi az adatkezel\u0151 \u00e1ltal vagy az \u00e1ltala megb\u00edzott ellen\u0151r seg\u00edts\u00e9g\u00e9vel v\u00e9gzett auditokat, helysz\u00edni vizsg\u00e1latokat.<\/p><p class=\"ql-align-justify\">Amennyiben az adatfeldolgoz\u00f3 tov\u00e1bbi adatfeldolgoz\u00f3 seg\u00edts\u00e9g\u00e9t veszi ig\u00e9nybe, \u00fagy \u0151r\u00e1 ugyanazok a k\u00f6telezetts\u00e9gek vonatkoznak, mint amelyek eredetileg a szerz\u0151d\u00e9s \u00e1ltal l\u00e9trej\u00f6ttek az adatfeldolgoz\u00f3 \u00e9s az adatkezel\u0151 k\u00f6z\u00f6tt.<\/p><p>Neve: \u2026\u2026\u2026\u2026\u2026\u2026\u2026\u2026\u2026\u2026\u2026\u2026...MINT A T\u00c1RSAS\u00c1G K\u00d6NYVEL\u0150JE<\/p><p>El\u00e9rhet\u0151s\u00e9ge: \u2026\u2026\u2026\u2026\u2026\u2026\u2026\u2026..<\/p><p><br><\/p><p>Az adatv\u00e9delmi tisztvisel\u0151<\/p><p>Neve: \u2026\u2026\u2026NINCS<\/p><p>El\u00e9rhet\u0151s\u00e9ge: \u2026\u2026\u2026\u2026\u2026\u2026\u2026\u2026..<\/p><p><br><\/p><p><br><\/p><ol><li class=\"ql-align-justify\"><strong><u>Adatbiztons\u00e1gi int\u00e9zked\u00e9sek<\/u><\/strong><\/li><\/ol><ul><li class=\"ql-align-justify\">Az adatokat munk\u00e1ltat\u00f3 \u00fagy kezeli, hogy az adatkezel\u0151 szem\u00e9ly\u00e9n k\u00edv\u00fcl m\u00e1s szem\u00e9ly ne l\u00e1thassa.<\/li><\/ul><p class=\"ql-align-justify\">Az adatokhoz t\u00f6rt\u00e9n\u0151 hozz\u00e1f\u00e9r\u00e9s csak biztons\u00e1gos m\u00f3don, \u00e9s akk\u00e9nt t\u00f6rt\u00e9nhet (jelsz\u00f3val), hogy az adatkezel\u0151 szem\u00e9lye azonos\u00edthat\u00f3 legyen. A jogosults\u00e1g indok\u00e1nak megsz\u0171n\u00e9se eset\u00e9n az adatokhoz t\u00f6rt\u00e9n\u0151 hozz\u00e1f\u00e9r\u00e9st halad\u00e9ktalanul meg kell sz\u00fcntetni.<\/p><p class=\"ql-align-justify\"><br><\/p><p class=\"ql-align-justify\"><br><\/p><ol><li><strong><u>Az \u00e9rintettek jogorvoslati lehet\u0151s\u00e9gei<\/u><\/strong><\/li><\/ol><p>Az adatv\u00e9delmi fel\u00fcgyeleti hat\u00f3s\u00e1g: Nemzeti Adatv\u00e9delmi \u00e9s Inform\u00e1ci\u00f3szabads\u00e1g Hat\u00f3s\u00e1g (tov\u00e1bbiakban: NAIH, c\u00edme: 1125 Budapest, Szil\u00e1gyi Erzs\u00e9bet fasor 22\/C, e-mail c\u00edme: <a href=\"mailto:ugyfelszolgalat@naih.hu\" target=\"_blank\" style=\"color: rgb(0, 0, 255);\"><u>ugyfelszolgalat@naih.hu<\/u><\/a>). Az \u00e9rintett panaszt ny\u00fajthat be a NAIH-hoz amennyiben \u00e1ll\u00e1spontja szerint a r\u00e1 vonatkoz\u00f3 szem\u00e9lyes adat kezel\u00e9s nem felel meg a jogszab\u00e1lyi k\u00f6telezetts\u00e9geknek.<\/p><p>A NAIH d\u00f6nt\u00e9se ellen b\u00edr\u00f3s\u00e1gi fel\u00fclvizsg\u00e1lat kezdem\u00e9nyezhet\u0151.<\/p><p><br><\/p><p class=\"ql-align-center\"><strong>II.<\/strong><\/p><p class=\"ql-align-center\"><strong>Munkav\u00e1llal\u00f3 tudom\u00e1s\u00e1ra jutott szem\u00e9lyes adatok<\/strong><\/p><p><br><\/p><ol><li class=\"ql-align-justify\"><strong><u>\u00dczleti titok<\/u><\/strong><\/li><\/ol><p class=\"ql-align-justify\">Munkav\u00e1llal\u00f3 Munk\u00e1ltat\u00f3t\u00f3l \u00e9s Munk\u00e1ltat\u00f3 \u00dcgyfeleit\u0151l birtok\u00e1ba ker\u00fcl\u0151 minden adatot \u00fczleti titokk\u00e9nt bizalmasan kezel. A titoktart\u00e1s megszeg\u00e9s\u00e9b\u0151l sz\u00e1rmaz\u00f3 k\u00f6vetkezm\u00e9nyek\u00e9rt, valamint Munk\u00e1ltat\u00f3nak okozott k\u00e1r\u00e9rt Munkav\u00e1llal\u00f3t teljes k\u00f6r\u0171 anyagi \u00e9s b\u00fcntet\u0151jogi felel\u0151ss\u00e9g terheli, a mindenkor hat\u00e1lyos Polg\u00e1ri T\u00f6rv\u00e9nyk\u00f6nyv \u00e9s B\u00fcntet\u0151 T\u00f6rv\u00e9nyk\u00f6nyv rendelkez\u00e9sei szerint. E titoktart\u00e1si k\u00f6telezetts\u00e9g az inform\u00e1ci\u00f3 megszerz\u00e9s\u00e9t\u0151l sz\u00e1m\u00edtva korl\u00e1tlan id\u0151tartamig \u00e9rv\u00e9nyes.<\/p><p class=\"ql-align-justify\">\u00dczleti titok (bizalmas inform\u00e1ci\u00f3) k\u00f6r\u00e9be tartozik minden adat, f\u00fcggetlen\u00fcl att\u00f3l, hogy a titokjelleg (bizalmas inform\u00e1ci\u00f3 jelleg) a k\u00f6zl\u00e9skor felt\u00fcntet\u00e9sre ker\u00fclt-e az adathordoz\u00f3n vagy a sz\u00f3beli k\u00f6zl\u00e9s alkalm\u00e1val erre vonatkoz\u00f3an kiemel\u00e9sre ker\u00fclt. \u00dczleti titok (bizalmas inform\u00e1ci\u00f3) k\u00f6r\u00e9be tartozik minden \u00fczletmenettel \u00e9s Munk\u00e1ltat\u00f3 tev\u00e9kenys\u00e9g\u00e9vel kapcsolatos adat, inform\u00e1ci\u00f3. Munk\u00e1ltat\u00f3 a titoktart\u00e1s k\u00f6r\u00e9be vonja az \u00fcgyfelekkel, megrendel\u0151kkel \u00e9s a sz\u00e1ll\u00edt\u00f3kkal kapcsolatos valamennyi adatot, inform\u00e1ci\u00f3t, bele\u00e9rtve az azokkal kapcsolatos kommunik\u00e1ci\u00f3t \u00e9s dokumentumokat is. Munkav\u00e1llal\u00f3 j\u00f6vedelem \u00e9s b\u00e9r adatait, juttat\u00e1sait kiemelten titkosan kezeli, m\u00e1s munkav\u00e1llal\u00f3 sz\u00e1m\u00e1ra nem adja ki. Munkav\u00e1llal\u00f3 k\u00f6telezetts\u00e9gszeg\u00e9se (pl. bizalmas inform\u00e1ci\u00f3k kisziv\u00e1rogtat\u00e1sa) a munkaszerz\u0151d\u00e9s alapj\u00e1n azonnali hat\u00e1ly\u00fa felmond\u00e1s alapj\u00e1ul szolg\u00e1l.<\/p><p><br><\/p><p><br><\/p><ol><li class=\"ql-align-justify\"><strong><u>Adatkezel\u00e9s<\/u><\/strong><\/li><\/ol><p class=\"ql-align-justify\">Amennyiben munkav\u00e1llal\u00f3 adatkezel\u0151nek min\u0151s\u00fcl, \u00fagy k\u00f6teles valamennyi, a munk\u00e1ltat\u00f3n\u00e1l hat\u00e1lyos adatv\u00e9delmi szab\u00e1lyzat szerint elj\u00e1rni.<\/p><p class=\"ql-align-justify\">Az adatkezel\u0151 munkav\u00e1llal\u00f3 feladatait, az \u00e1ltala vezetend\u0151 nyilv\u00e1ntart\u00e1sokat a munkak\u00f6ri le\u00edr\u00e1sa tartalmazza.<\/p><p>Kelt: \u2026\u2026\u2026\u2026\u2026, 2018\u2026\u2026\u2026\u2026\u2026\u2026...<\/p><p><br><\/p><p><br><\/p><p>____________________________ ____________________________<\/p><p>Munk\u00e1ltat\u00f3 Munkav\u00e1llal\u00f3<\/p><p>k\u00e9pviselet\u00e9ben: \u2026\u2026\u2026\u2026\u2026\u2026\u2026\u2026..<\/p><p class=\"ql-align-center\"><br><\/p><p class=\"ql-align-center\"><br><\/p><p class=\"ql-align-center\"><strong>AL\u00c1\u00cdRAND\u00d3 LEF\u0170ZEND\u0150<\/strong><\/p><p class=\"ql-align-center\"><strong>3 SZ. MELL\u00c9KLET<\/strong><\/p><p class=\"ql-align-center\"><strong>SORSZ\u00c1M: \u2026\u2026\u2026\u2026\u2026\u2026\u2026\u2026\u2026.<\/strong><\/p><p class=\"ql-align-center\"><strong>ADATKEZEL\u0150I ADATV\u00c9DELMI NYILV\u00c1NTART\u00c1S AZ<\/strong><\/p><p class=\"ql-align-center\"><strong>EUR\u00d3PAI PARLAMENT \u00c9S A TAN\u00c1CS (EU) 2016\/679 RENDELETE ALAPJ\u00c1N<\/strong><\/p><p><strong>Az adatkezel\u0151 \/k\u00e9pvisel\u0151je\/ megnevez\u00e9se \u00e9s el\u00e9rhet\u0151s\u00e9gek:<\/strong><\/p><p>N\u00e9v: <strong>Peszlen Lajos EV<\/strong><\/p><p>Tel: <strong>06 20 9516 822<\/strong><\/p><p>E-mail: <a href=\"mailto:info@rutin98.hu\" target=\"_blank\" style=\"color: rgb(0, 0, 255);\"><strong>lalisuli@freemail.hu<\/strong><\/a><\/p><p><br><\/p><p><br><\/p><p><strong>Az adatv\u00e9delmi tisztvisel\u0151 van-e, el\u00e9rhet\u0151s\u00e9gei:<\/strong><\/p><p><strong>van\/nincs<\/strong><\/p><p><br><\/p><p>N\u00e9v: NINCS<\/p><p>Tel:<\/p><p>E-mail:<\/p><p><strong>Adatkezel\u00e9si c\u00e9l:<\/strong><\/p><p>megb\u00edz\u00e1si szerz\u0151d\u00e9s teljes\u00edt\u00e9se<\/p><p class=\"ql-align-center\">vagy<\/p><p>egy\u00e9b szerz\u0151d\u00e9s teljes\u00edt\u00e9se (pl. megrendel\u0151i oldalr\u00f3l megb\u00edz\u00e1si, v\u00e1llalkoz\u00e1si szerz\u0151d\u00e9s)<\/p><p class=\"ql-align-center\">vagy<\/p><p>munk\u00e1ltat\u00f3k\u00e9nt jogszab\u00e1lyon alapul\u00f3 bejelent\u00e9si, b\u00e9rfizet\u00e9si, letilt\u00e1si, k\u00f6telezetts\u00e9g teljes\u00edt\u00e9se<\/p><p class=\"ql-align-center\">vagy<\/p><p>vagyonv\u00e9delem (pl. kamerafelv\u00e9tel)<\/p><p><br><\/p><p><strong>Az adatkezel\u00e9s jogalapja:<\/strong><\/p><h4>jogi k\u00f6telezetts\u00e9g teljes\u00edt\u00e9se GDPR 6. cikk (1) bekezd\u00e9s c) pont<\/h4><p>vagy<\/p><h4>szerz\u0151d\u00e9ses partnerek adatainak kezel\u00e9se, kapcsolattart\u00e1s: jogalap: GDPR 6. cikk (1) bekezd\u00e9s b) pont. a szerz\u0151d\u00e9s teljes\u00edt\u00e9se<\/h4><p><br><\/p><p class=\"ql-align-center\">vagy<\/p><p>munkav\u00e1llal\u00f3k adatainak kezel\u00e9se: GDPR 6. cikk (1) bekezd\u00e9s c) pont jogi k\u00f6telezetts\u00e9g teljes\u00edt\u00e9se, b) pont jogos \u00e9rdek<\/p><h4 class=\"ql-align-center\">vagy<\/h4><p>biztons\u00e1gi kamera \u00fczemeltet\u00e9se jogalap: GDPR 6. cikk (1) bekezd\u00e9s f) pont. Az adatkezel\u0151 jogos \u00e9rdeke: vagyonv\u00e9delem, munkav\u00e1llal\u00f3k eset\u00e9ben az Mt.-ben meghat\u00e1rozott munk\u00e1ltat\u00f3i jogos \u00e9rdek<\/p><p><br><\/p><p><strong>Szem\u00e9lyes adat kateg\u00f3ri\u00e1k:<\/strong><\/p><p>pl. n\u00e9v, c\u00edm, telefonsz\u00e1m, e-mail c\u00edm, TAJsz\u00e1m, ad\u00f3azonos\u00edt\u00f3<\/p><p class=\"ql-align-center\">vagy<\/p><p>\u00e9rz\u00e9keny adat pl. eg\u00e9szs\u00e9g\u00fcgyi adat ad\u00f3kedvezm\u00e9nyhez<\/p><p><strong>Adattov\u00e1bb\u00edt\u00e1s harmadik orsz\u00e1gba vagy nemzetk\u00f6zi szervezet r\u00e9sz\u00e9re t\u00f6rt\u00e9nik-e \u00e9s hova (garanci\u00e1k):<\/strong><\/p><p>NEM<\/p><p><strong>A szem\u00e9lyes adatok t\u00e1rol\u00e1s\u00e1nak id\u0151tartama:<\/strong><\/p><p>5 \u00c9V<\/p><p><strong>Jogos \u00e9rdek\u0171 adatkezel\u00e9s fenn\u00e1ll-e \u00e9s mi a jogos \u00e9rdek megnevez\u00e9se:<\/strong><\/p><p><strong>\u00e9rdekm\u00e9rlegel\u00e9s:<\/strong><\/p><p>NEM<\/p><p><strong>Jogi k\u00f6telezetts\u00e9g teljes\u00edt\u00e9se mint jogalap fenn\u00e1ll-e \u00e9s a jogi k\u00f6telezetts\u00e9g megnevez\u00e9se:<\/strong><\/p><p>IGEN,<\/p><p>P\u00c9NZ\u00dcGYI SZ\u00c1MVITELI k\u00f6telezetts\u00e9g,<\/p><p>TEV\u00c9KENYS\u00c9G SZAB\u00c1LYOZ\u00c1SB\u00d3L AD\u00d3D\u00d3 k\u00f6t.<\/p><p><br><\/p><p><strong>Szerz\u0151d\u00e9ses k\u00f6telezetts\u00e9g teljes\u00edt\u00e9se mint jogalap fenn\u00e1ll-e \u00e9s a hivatkozott megnevez\u00e9se:<\/strong><\/p><p>IGEN<\/p><p>K\u00c9PZ\u00c9SI SZERZ\u0150D\u00c9S ALAPJ\u00c1N<\/p><p><strong>Technikai \u00e9s szervez\u00e9si int\u00e9zked\u00e9sek:<\/strong><\/p><p><br><\/p><p><br><\/p><p>Kelt: \u2026\u2026\u2026\u2026\u2026., 2018\u2026\u2026\u2026\u2026\u2026\u2026\u2026..<\/p><p><br><\/p><p><br><\/p><p class=\"ql-align-center\">______________________________<\/p><p class=\"ql-align-center\">\u2026\u2026\u2026\u2026. mint adatkezel\u0151<\/p><p class=\"ql-align-center\"><br><\/p><p class=\"ql-align-center\"><br><\/p><p class=\"ql-align-center\">AL\u00c1\u00cdRAND\u00d3 LEF\u0170ZEND\u0150<\/p><p class=\"ql-align-center\"><br><\/p><p class=\"ql-align-center\"><strong>4. SZ. MELL\u00c9KLET<\/strong><\/p><p class=\"ql-align-center\"><strong>ADATV\u00c9DELMI TISZTVISEL\u0150 KIJEL\u00d6L\u00c9S\u00c9NEK SZ\u00dcKS\u00c9GESS\u00c9G\u00c9T M\u00c9RLEGEL\u0150 DOKUMENTUM AZ<\/strong><\/p><p class=\"ql-align-center\"><strong>EUR\u00d3PAI PARLAMENT \u00c9S A TAN\u00c1CS (EU) 2016\/679 RENDELETE ALAPJ\u00c1N<\/strong><\/p><p>A GDPR bizonyos esetekben k\u00f6telez\u0151v\u00e9 teszi adatv\u00e9delmi tisztvisel\u0151 kijel\u00f6l\u00e9s\u00e9t.<\/p><p>Adatv\u00e9delmi tisztvisel\u0151 kijel\u00f6l\u00e9se minden olyan esetben, amikor:<\/p><ol><li class=\"ql-align-justify\">az adatkezel\u00e9st k\u00f6zfeladatot ell\u00e1t\u00f3 szervek v\u00e9gzik (kiv\u00e9ve b\u00edr\u00f3s\u00e1gok igazs\u00e1gszolg\u00e1ltat\u00e1si feladatk\u00f6r\u00fckben)vagy<\/li><li class=\"ql-align-justify\">az adatkezel\u0151 vagy az az adatfeldolgoz\u00f3 f\u0151 tev\u00e9kenys\u00e9gei olyan adatkezel\u00e9si m\u0171veleteket foglalnak magukban, amelyek az \u00e9rintettek rendszeres \u00e9s szisztematikus, nagym\u00e9rt\u00e9k\u0171 megfigyel\u00e9s\u00e9t teszik sz\u00fcks\u00e9gess\u00e9 vagy<\/li><li class=\"ql-align-justify\">az adatkezel\u0151 vagy az adatfeldolgoz\u00f3 f\u0151 tev\u00e9kenys\u00e9gei a szem\u00e9lyes adatok 9. cikk szerinti k\u00fcl\u00f6nleges kateg\u00f3ri\u00e1inak (A faji vagy etnikai sz\u00e1rmaz\u00e1sra, politikai v\u00e9lem\u00e9nyre, vall\u00e1si vagy vil\u00e1gn\u00e9zeti meggy\u0151z\u0151d\u00e9sre vagy szakszervezeti tags\u00e1gra utal\u00f3 szem\u00e9lyes adatok, valamint a term\u00e9szetes szem\u00e9lyek egyedi azonos\u00edt\u00e1s\u00e1t c\u00e9lz\u00f3 genetikai \u00e9s biometrikus adatok, az eg\u00e9szs\u00e9g\u00fcgyi adatok \u00e9s a term\u00e9szetes szem\u00e9lyek szexu\u00e1lis \u00e9let\u00e9re vagy szexu\u00e1lis ir\u00e1nyults\u00e1g\u00e1ra vonatkoz\u00f3 szem\u00e9lyes adatok) \u00e9s a 10. cikk szerinti b\u0171ncselekm\u00e9nyekre vonatkoz\u00f3 adatok nagy sz\u00e1mban t\u00f6rt\u00e9n\u0151 kezel\u00e9s\u00e9t foglalj\u00e1k magukban.<\/li><\/ol><p>vagy<\/p><ol><li class=\"ql-align-justify\">ha ezt uni\u00f3s vagy tag\u00e1llami jog \u00edrja el\u0151.<\/li><\/ol><p><br><\/p><p>Minden egy\u00e9b esetben adatv\u00e9delmi tisztvisel\u0151 kijel\u00f6lhet\u0151.<\/p><p><br><\/p><p class=\"ql-align-justify\"><em>Peszlen Lajos EV a<\/em>datv\u00e9delmi tisztvisel\u0151 kijel\u00f6l\u00e9s\u00e9re fentiek alapj\u00e1n nem k\u00f6telezett. A v\u00e1llalkoz\u00e1s m\u0171k\u00f6d\u00e9s\u00e9t \u00e1ttekintve sem az \u00fcgyfelek, illetve adatok nagy sz\u00e1ma, sem az adatok k\u00fcl\u00f6nleges jellege nem indokolja adatv\u00e9delmi tisztvisel\u0151 alkalmaz\u00e1s\u00e1t.<\/p><p class=\"ql-align-justify\"><br><\/p><p class=\"ql-align-justify\"><br><\/p><p>Kelt: \u2026\u2026\u2026\u2026\u2026., 2018\u2026\u2026\u2026\u2026\u2026\u2026\u2026..<\/p><p><br><\/p><p class=\"ql-align-center\">______________________________<\/p><p class=\"ql-align-center\">\u2026\u2026\u2026\u2026. mint adatkezel\u0151<\/p><p class=\"ql-align-center\">k\u00e9pviselet\u00e9ben: \u2026\u2026\u2026\u2026\u2026.<\/p><p class=\"ql-align-center\"><br><\/p><p class=\"ql-align-center\"><strong>MUNKAV\u00c1LLAL\u00d3 T\u00c1J\u00c9KOZTAT\u00c1S\u00c1RA SZOLG\u00c1L<\/strong><\/p><p class=\"ql-align-center\"><br><\/p><p class=\"ql-align-center\"><strong>5. SZ. MELL\u00c9KLET<\/strong><\/p><p class=\"ql-align-center\"><strong>MUNKAV\u00c1LLAL\u00d3I T\u00c1J\u00c9KOZTAT\u00c1S SZEM\u00c9LYES ADATOK KEZEL\u00c9S\u00c9R\u0150L AZ EUR\u00d3PAI PARLAMENT \u00c9S A TAN\u00c1CS (EU) 2016\/679 RENDELETE ALAPJ\u00c1N<\/strong><\/p><p class=\"ql-align-center\"><br><\/p><p class=\"ql-align-center\"><br><\/p><p>Tisztelt Munkav\u00e1llal\u00f3!<\/p><p class=\"ql-align-justify\">A munk\u00e1ltat\u00f3i jogk\u00f6r k\u00e9pvisel\u0151jek\u00e9nt valamint adatkezel\u0151k\u00e9nt t\u00e1j\u00e9koztatom, hogy az Eur\u00f3pai Parlament \u00e9s a Tan\u00e1cs (EU) 2016\/679 sz\u00e1m\u00fa rendelete alapj\u00e1n \u00d6n, mint t\u00e1rsas\u00e1gunkn\u00e1l szerz\u0151d\u00e9ses munkav\u00e1llal\u00f3 \u00e9rintettnek min\u0151s\u00fcl.<\/p><p class=\"ql-align-justify\">Munk\u00e1ltat\u00f3, mint adatkezel\u0151 a munkav\u00e1llal\u00f3 szem\u00e9lyes adatait kezeli a munkaer\u0151felv\u00e9telt\u0151l kezd\u0151d\u0151en.<\/p><p class=\"ql-align-justify\"><br><\/p><p class=\"ql-align-center\"><strong><u>Kezelt szem\u00e9lyes adatok:<\/u><\/strong><\/p><p class=\"ql-align-center\"><br><\/p><p class=\"ql-align-center\"><br><\/p><ul><li class=\"ql-align-justify\">n\u00e9v, sz\u00fclet\u00e9si hely \u00e9s id\u0151, anyja neve, lakc\u00edme, TAJ sz\u00e1ma, ad\u00f3azonos\u00edt\u00f3 jele, banksz\u00e1mla sz\u00e1ma<\/li><li class=\"ql-align-justify\">letilt\u00e1sra vonatkoz\u00f3 adatok<\/li><li class=\"ql-align-justify\">levon\u00e1sra (pl. szakszervezeti d\u00edj) vonatkoz\u00f3 adatok<\/li><li class=\"ql-align-justify\">c\u00e9ges webhaszn\u00e1lat, c\u00e9ges telefonhaszn\u00e1lat, c\u00e9ges e-mail, c\u00e9ges aut\u00f3 \u00fczleti c\u00e9l\u00fa haszn\u00e1lat\u00e1nak ellen\u0151rz\u00e9se<\/li><li class=\"ql-align-justify\">k\u00e9pfelv\u00e9telek (kamerafelv\u00e9telek, egy\u00e9b pl. rendezv\u00e9nyen k\u00e9sz\u00fclt felv\u00e9telek)<\/li><li class=\"ql-align-justify\">\u2026\u2026\u2026\u2026\u2026\u2026\u2026\u2026\u2026..<\/li><li class=\"ql-align-justify\">\u2026\u2026\u2026\u2026\u2026\u2026\u2026\u2026\u2026<\/li><\/ul><p class=\"ql-align-center\"><strong><u>Az adatkezel\u00e9s c\u00e9lja<\/u><\/strong><\/p><p class=\"ql-align-center\"><br><\/p><p class=\"ql-align-justify\">Tekintettel a tart\u00f3s jogviszonyra, a kezelt szem\u00e9lyes adatok sz\u00e9les k\u00f6r\u00e9re, az adatkezel\u00e9s c\u00e9lja adatcsoportonk\u00e9nt v\u00e1ltoz\u00f3.<\/p><p class=\"ql-align-justify\"><br><\/p><ul><li class=\"ql-align-justify\">n\u00e9v, sz\u00fclet\u00e9si hely \u00e9s id\u0151, anyja neve, lakc\u00edme, TAJ sz\u00e1ma, ad\u00f3azonos\u00edt\u00f3 jele, banksz\u00e1mla sz\u00e1ma \u00e9s letilt\u00e1sra vonatkoz\u00f3 adatok: munk\u00e1ltat\u00f3 t\u00f6rv\u00e9nyi k\u00f6telezetts\u00e9geinek teljes\u00edt\u00e9s\u00e9hez sz\u00fcks\u00e9ges (bejelent\u00e9si k\u00f6telezetts\u00e9g\u00e9nek, munkajogi, pl. munkab\u00e9rfizet\u00e9si k\u00f6telezetts\u00e9gek teljes\u00edt\u00e9se)<\/li><li class=\"ql-align-justify\">levon\u00e1sra (pl. szakszervezeti d\u00edj) vonatkoz\u00f3 adatok: munkav\u00e1llal\u00f3i megb\u00edz\u00e1s teljes\u00edt\u00e9se<\/li><li class=\"ql-align-justify\">c\u00e9ges webhaszn\u00e1lat, c\u00e9ges telefonhaszn\u00e1lat, c\u00e9ges e-mail, c\u00e9ges aut\u00f3 \u00fczleti c\u00e9l\u00fa haszn\u00e1lat\u00e1nak ellen\u0151rz\u00e9se: munka\u00fcgyi ellen\u0151rz\u00e9s<\/li><li class=\"ql-align-justify\">k\u00e9pfelv\u00e9telek (kamerafelv\u00e9telek, egy\u00e9b pl. rendezv\u00e9nyen k\u00e9sz\u00fclt felv\u00e9telek): kamerafelv\u00e9telek k\u00fcl\u00f6n szab\u00e1lyzatban r\u00f6gz\u00edtett adatkezel\u00e9s szerint, rendezv\u00e9nyen k\u00e9sz\u00fclt felv\u00e9telek: munka\u00fcgyi csapat\u00e9p\u00edt\u00e9s c\u00e9lj\u00e1b\u00f3l vagy marketing c\u00e9lb\u00f3l<\/li><li class=\"ql-align-justify\">\u2026\u2026\u2026\u2026\u2026\u2026\u2026\u2026\u2026..<\/li><li class=\"ql-align-justify\">\u2026\u2026\u2026\u2026\u2026\u2026\u2026\u2026\u2026\u2026<\/li><\/ul><p class=\"ql-align-center\"><strong><u>Az adatkezel\u00e9s jogalapja<\/u><\/strong><\/p><p class=\"ql-align-center\"><br><\/p><p class=\"ql-align-justify\">Tekintettel a kezelt szem\u00e9lyes adatok sz\u00e9les k\u00f6r\u00e9re, az adatkezel\u00e9s c\u00e9lja adatcsoportonk\u00e9nt v\u00e1ltoz\u00f3, r\u00e9szben jogi k\u00f6telezetts\u00e9g teljes\u00edt\u00e9se, r\u00e9szben jogos \u00e9rdek, r\u00e9szben hozz\u00e1j\u00e1rul\u00e1s.<\/p><p class=\"ql-align-justify\"><br><\/p><p class=\"ql-align-justify\">Jogi k\u00f6telezetts\u00e9g teljes\u00edt\u00e9se:<\/p><p class=\"ql-align-justify\">Munk\u00e1ltat\u00f3 hat\u00f3s\u00e1g r\u00e9sz\u00e9re t\u00f6rt\u00e9n\u0151 bejelent\u00e9si k\u00f6telezetts\u00e9ge, Mt alapj\u00e1n fenn\u00e1ll\u00f3 munkab\u00e9rfizet\u00e9si k\u00f6telezetts\u00e9ge, hat\u00f3s\u00e1g \u00e1ltal elrendelt letilt\u00e1s teljes\u00edt\u00e9se<\/p><p class=\"ql-align-justify\"><br><\/p><p class=\"ql-align-justify\">Jogos \u00e9rdek:<\/p><p class=\"ql-align-justify\">Az adatkezel\u0151 az adatkezel\u00e9st jogos \u00e9rdek alapj\u00e1n v\u00e9gzi.<\/p><p class=\"ql-align-justify\"><br><\/p><p class=\"ql-align-justify\">Az adatkezel\u0151 az \u00e9rdekm\u00e9rlegel\u00e9st elv\u00e9gezte, \u00e9s az al\u00e1bbiakat \u00e1llap\u00edtotta meg:<\/p><p class=\"ql-align-justify\"><br><\/p><ul><li class=\"ql-align-justify\">az \u00e9rintett jogai: szem\u00e9lyis\u00e9gi jogainak v\u00e9delme<\/li><li class=\"ql-align-justify\">jogos \u00e9rdek: szem\u00e9ly- \u00e9s vagyonv\u00e9delem<\/li><li class=\"ql-align-justify\">sz\u00fcks\u00e9gess\u00e9g \u00e9s ar\u00e1nyoss\u00e1g, c\u00e9lhoz k\u00f6t\u00f6tts\u00e9g, adattakar\u00e9koss\u00e1g figyelembe v\u00e9tele<\/li><li class=\"ql-align-justify\">az \u00e9rintettek t\u00e1j\u00e9koztat\u00e1sa jelen szab\u00e1lyzat munkav\u00e1llal\u00f3 r\u00e9sz\u00e9re t\u00f6rt\u00e9n\u0151 \u00e1tad\u00e1s\u00e1val<\/li><\/ul><p class=\"ql-align-center\"><strong><u>Az \u00e9rintettek jogai<\/u><\/strong><\/p><h3 class=\"ql-align-justify\">A szem\u00e9lyes adataihoz kapcsol\u00f3d\u00f3an a munkav\u00e1llal\u00f3nak mint \u00e9rintettnek a jogszab\u00e1lyban meghat\u00e1rozott jogai vannak.<\/h3><p><br><\/p><p>\u00c9rintetti jogok:<\/p><h4>hozz\u00e1f\u00e9r\u00e9si jog (adatok megismer\u00e9se, az a t\u00e9ny, hogy t\u00f6rt\u00e9nik-e adatkezel\u00e9s);<\/h4><h4>amennyiben egy adat elavult vagy helytelen, ennek kiigaz\u00edt\u00e1sa;<\/h4><h4>t\u00f6rl\u00e9s (kiz\u00e1r\u00f3lag a hozz\u00e1j\u00e1rul\u00e1son alapul\u00f3 adatkezel\u00e9s eset\u00e9n);<\/h4><h4>az adat kezel\u00e9s\u00e9nek korl\u00e1toz\u00e1sa;<\/h4><h4>a szem\u00e9lyes adatok direkt marketing c\u00e9lokra val\u00f3 haszn\u00e1lat\u00e1nak megtilt\u00e1sa;<\/h4><h4>szem\u00e9lyes adatainak harmadik szem\u00e9ly szolg\u00e1ltat\u00f3 sz\u00e1m\u00e1ra t\u00f6rt\u00e9n\u0151 \u00e1tad\u00e1sa, vagy ennek megtilt\u00e1sa;<\/h4><h4>b\u00e1rmely az adatkezel\u0151 \u00e1ltal kezelt szem\u00e9lyes adatr\u00f3l m\u00e1solat k\u00e9r\u00e9se; vagy<\/h4><h4>tiltakoz\u00e1s a szem\u00e9lyes adat haszn\u00e1lata ellen.<\/h4><p><br><\/p><p class=\"ql-align-center\"><strong><u>Az adatkezel\u00e9s helye \u00e9s id\u0151tartama<\/u><\/strong><\/p><p class=\"ql-align-justify\">Az adatokat a munk\u00e1ltat\u00f3, mint adatkezel\u0151 a sz\u00e9khely\u00e9n\/ sz\u00e9khelyein a munkaviszony fenn\u00e1ll\u00e1sa alatt \u00e9s a megsz\u0171n\u00e9st k\u00f6vet\u0151 8 \u00e9vig t\u00e1rolja. Kiv\u00e9telt k\u00e9pez a kamerai k\u00e9pfelv\u00e9tel, melyeket az adatkezel\u0151 sz\u00e9khely\u00e9n lev\u0151 k\u00f6zponti felvev\u0151egys\u00e9gen 3 munkanapig t\u00e1roljuk.<\/p><p class=\"ql-align-justify\"><br><\/p><p><strong><u>Az adatkezel\u0151 szem\u00e9ly<\/u><\/strong><\/p><p>Neve: <strong>Peszlen Lajos EV<\/strong><\/p><p>El\u00e9rhet\u0151s\u00e9ge: <a href=\"mailto:info@rutin98.hu\" target=\"_blank\" style=\"color: rgb(0, 0, 255);\"><strong>lalisuli@freemail.hu<\/strong><\/a><\/p><p><br><\/p><p>Az adatfeldolgoz\u00f3 szem\u00e9ly (pl. b\u00e9rsz\u00e1mfejt\u0151)<\/p><p class=\"ql-align-justify\">Az adatfeldolgoz\u00f3 kiz\u00e1r\u00f3lag olyan utas\u00edt\u00e1sokat hajthat v\u00e9gre, amelyek \u00edr\u00e1sban r\u00f6gz\u00edtettek.<\/p><p class=\"ql-align-justify\">Titoktart\u00e1s k\u00f6telezi a szem\u00e9lyes adatok kezel\u00e9s\u00e9vel foglalkoz\u00f3 munkav\u00e1llal\u00f3kat.<\/p><p class=\"ql-align-justify\">Az adatbiztons\u00e1g garant\u00e1l\u00e1sa \u00e9rdek\u00e9ben az adatfeldolgoz\u00f3 v\u00e9grehajtja a szervez\u00e9si \u00e9s technikai int\u00e9zked\u00e9seket.<\/p><p class=\"ql-align-justify\">Az adatfeldolgoz\u00f3 seg\u00edti az adatkezel\u0151t abban, hogy teljes\u00edtse k\u00f6telezetts\u00e9geit.<\/p><p class=\"ql-align-justify\">Az adatfeldolgoz\u00f3 az adatkezel\u0151 d\u00f6nt\u00e9se alapj\u00e1n minden szem\u00e9lyes adatot visszajuttat az adatkezel\u0151nek vagy t\u00f6r\u00f6l, t\u00f6rli a megl\u00e9v\u0151 m\u00e1solatokat, egy kiv\u00e9tellel, ha a tag\u00e1llami vagy az uni\u00f3s jog az adatok t\u00e1rol\u00e1s\u00e1t \u00edrja el\u0151.<\/p><p class=\"ql-align-justify\">Az adatfeldolgoz\u00f3 el\u0151seg\u00edti \u00e9s lehet\u0151v\u00e9 teszi az adatkezel\u0151 \u00e1ltal vagy az \u00e1ltala megb\u00edzott ellen\u0151r seg\u00edts\u00e9g\u00e9vel v\u00e9gzett auditokat, helysz\u00edni vizsg\u00e1latokat.<\/p><p class=\"ql-align-justify\">Amennyiben az adatfeldolgoz\u00f3 tov\u00e1bbi adatfeldolgoz\u00f3 seg\u00edts\u00e9g\u00e9t veszi ig\u00e9nybe, \u00fagy \u0151r\u00e1 ugyanazok a k\u00f6telezetts\u00e9gek vonatkoznak, mint amelyek eredetileg a szerz\u0151d\u00e9s \u00e1ltal l\u00e9trej\u00f6ttek az adatfeldolgoz\u00f3 \u00e9s az adatkezel\u0151 k\u00f6z\u00f6tt.<\/p><p>Neve: \u2026\u2026\u2026\u2026\u2026\u2026\u2026\u2026\u2026.mint K\u00d6NYVEL\u0150<\/p><p>El\u00e9rhet\u0151s\u00e9ge: \u2026\u2026\u2026\u2026\u2026\u2026\u2026\u2026..<\/p><p><br><\/p><p>Az adatv\u00e9delmi tisztvisel\u0151<\/p><p>Neve: \u2026\u2026\u2026\u2026\u2026\u2026\u2026\u2026\u2026.<\/p><p>El\u00e9rhet\u0151s\u00e9ge: \u2026\u2026\u2026\u2026\u2026\u2026\u2026\u2026..<\/p><p class=\"ql-align-center\"><br><\/p><p class=\"ql-align-center\"><strong><u>Adatbiztons\u00e1gi int\u00e9zked\u00e9sek<\/u><\/strong><\/p><p class=\"ql-align-justify\">Az adatokat munk\u00e1ltat\u00f3 \u00fagy kezeli, hogy az adatkezel\u0151 szem\u00e9ly\u00e9n k\u00edv\u00fcl m\u00e1s szem\u00e9ly ne l\u00e1thassa.<\/p><p class=\"ql-align-justify\">Az adatokhoz t\u00f6rt\u00e9n\u0151 hozz\u00e1f\u00e9r\u00e9s csak biztons\u00e1gos m\u00f3don, \u00e9s akk\u00e9nt t\u00f6rt\u00e9nhet (jelsz\u00f3val), hogy az adatkezel\u0151 szem\u00e9lye azonos\u00edthat\u00f3 legyen. A jogosults\u00e1g indok\u00e1nak megsz\u0171n\u00e9se eset\u00e9n az adatokhoz t\u00f6rt\u00e9n\u0151 hozz\u00e1f\u00e9r\u00e9st halad\u00e9ktalanul meg kell sz\u00fcntetni.<\/p><p class=\"ql-align-center\"><strong><u>Az \u00e9rintettek jogorvoslati lehet\u0151s\u00e9gei<\/u><\/strong><\/p><p><br><\/p><p>Az adatv\u00e9delmi fel\u00fcgyeleti hat\u00f3s\u00e1g: Nemzeti Adatv\u00e9delmi \u00e9s Inform\u00e1ci\u00f3szabads\u00e1g Hat\u00f3s\u00e1g (tov\u00e1bbiakban: NAIH, c\u00edme: 1125 Budapest, Szil\u00e1gyi Erzs\u00e9bet fasor 22\/C, e-mail c\u00edme: <a href=\"mailto:ugyfelszolgalat@naih.hu\" target=\"_blank\" style=\"color: rgb(0, 0, 255);\"><u>ugyfelszolgalat@naih.hu<\/u><\/a>). Az \u00e9rintett panaszt ny\u00fajthat be a NAIH-hoz amennyiben \u00e1ll\u00e1spontja szerint a r\u00e1 vonatkoz\u00f3 szem\u00e9lyes adat kezel\u00e9s nem felel meg a jogszab\u00e1lyi k\u00f6telezetts\u00e9geknek.<\/p><p>A NAIH d\u00f6nt\u00e9se ellen b\u00edr\u00f3s\u00e1gi fel\u00fclvizsg\u00e1lat kezdem\u00e9nyezhet\u0151.<\/p><p class=\"ql-align-justify\"><br><\/p><p>Kelt\u2026\u2026\u2026\u2026\u2026., 2018. \u2026\u2026\u2026\u2026\u2026...<\/p><p><br><\/p><p><br><\/p><p class=\"ql-align-center\">.............................................<\/p><p class=\"ql-align-center\">\u00fcgyvezet\u0151<\/p><p class=\"ql-align-center\"><br><\/p><p class=\"ql-align-center\">INCIDENS ESET\u00c9N KIT\u00d6LTTEND\u0150<\/p><p class=\"ql-align-center\"><br><\/p><p class=\"ql-align-center\"><strong>6. SZ. MELL\u00c9KLET SORSZ\u00c1M: \u2026\u2026\u2026\u2026\u2026\u2026\u2026\u2026\u2026.<\/strong><\/p><p class=\"ql-align-center\"><strong>ADATV\u00c9DELMI INCIDENS NYILV\u00c1NTART\u00c1S AZ<\/strong><\/p><p class=\"ql-align-center\"><strong>EUR\u00d3PAI PARLAMENT \u00c9S A TAN\u00c1CS (EU) 2016\/679 RENDELETE ALAPJ\u00c1N<\/strong><\/p><p><strong>Az adatkezel\u0151 \/k\u00e9pvisel\u0151je\/ megnevez\u00e9se \u00e9s el\u00e9rhet\u0151s\u00e9gek:<\/strong><\/p><p>N\u00e9v: <strong>Peszlen Lajos EV<\/strong><\/p><p>Tel:<strong> 06 20 9516 822<\/strong><\/p><p>E-mail: <a href=\"mailto:info@rutin98.hu\" target=\"_blank\" style=\"color: rgb(0, 0, 255);\"><strong>lalisuli@freemail.hu<\/strong><\/a><\/p><p><strong>Az adatv\u00e9delmi tisztvisel\u0151 van-e, el\u00e9rhet\u0151s\u00e9gei:<\/strong><\/p><p><strong>van\/<u>nincs<\/u><\/strong><\/p><p><br><\/p><p>\u00e9v:<\/p><p>Tel:<\/p><p>E-mail:<\/p><p><strong>Adatkezel\u00e9si c\u00e9l:<\/strong><\/p><p>az adatv\u00e9delmi biztons\u00e1g s\u00e9r\u00fcl\u00e9s\u00e9nek megsz\u00fcntet\u00e9se, a bejelent\u00e9si k\u00f6telezetts\u00e9g teljes\u00edt\u00e9se<\/p><p><br><\/p><p><strong>Az adatkezel\u00e9s jogalapja:<\/strong><\/p><h4>GDPR 33. cikk<\/h4><p><br><\/p><p><strong>Adatv\u00e9delmi incidens jellege, szem\u00e9lyes adat kateg\u00f3ri\u00e1k \u00e9s sz\u00e1ma:<\/strong><\/p><p>pl. adatok v\u00e9letlen megsemmis\u00edt\u00e9se, jogosulatlan k\u00f6zl\u00e9se,\u2026<\/p><p>pl. n\u00e9v, c\u00edm, telefonsz\u00e1m, e-mail c\u00edm, TAJsz\u00e1m, ad\u00f3azonos\u00edt\u00f3<\/p><p class=\"ql-align-center\">vagy<\/p><p>\u00e9rz\u00e9keny adat pl. eg\u00e9szs\u00e9g\u00fcgyi adat ad\u00f3kedvezm\u00e9nyhez<\/p><p><strong>\u00c9rintettek kateg\u00f3ri\u00e1i \u00e9s sz\u00e1ma:<\/strong><\/p><p><br><\/p><p><strong>Val\u00f3sz\u00edn\u0171s\u00edthet\u0151 k\u00f6vetkezm\u00e9nyek:<\/strong><\/p><p><br><\/p><p><strong>Technikai \u00e9s szervez\u00e9si int\u00e9zked\u00e9sek:<\/strong><\/p><p><br><\/p><p><strong>Bejelent\u00e9s fel\u00fcgyeleti hat\u00f3s\u00e1gnak:<\/strong><\/p><p><strong>Id\u0151pontja:<\/strong><\/p><p><br><\/p><p><br><\/p><p>Kelt: \u2026\u2026\u2026\u2026\u2026., 2018\u2026\u2026\u2026\u2026\u2026\u2026\u2026..<\/p><p><br><\/p><p class=\"ql-align-center\">______________________________<\/p><p class=\"ql-align-center\">\u2026\u2026\u2026\u2026. mint adatkezel\u0151 k\u00e9pviselet\u00e9ben: \u2026\u2026\u2026\u2026\u2026.<\/p><p class=\"ql-align-center\"><br><\/p><p class=\"ql-align-center\">AL\u00c1\u00cdRAND\u00d3 LEF\u0170ZEND\u0150<\/p><p class=\"ql-align-center\"><br><\/p><p class=\"ql-align-center\"><strong>7. SZ. MELL\u00c9KLET SORSZ\u00c1M: \u2026\u2026\u2026\u2026\u2026\u2026\u2026\u2026\u2026.<\/strong><\/p><p class=\"ql-align-center\"><strong>ADATV\u00c9DELMI HAT\u00c1SVIZSG\u00c1LAT ELV\u00c9GZ\u00c9S\u00c9NEK SZ\u00dcKS\u00c9GESS\u00c9G\u00c9T M\u00c9RLEGEL\u0150 DOKUMENTUM AZ<\/strong><\/p><p class=\"ql-align-center\"><strong>EUR\u00d3PAI PARLAMENT \u00c9S A TAN\u00c1CS (EU) 2016\/679 RENDELETE ALAPJ\u00c1N<\/strong><\/p><p><u>A<\/u>z adatbiztons\u00e1gi kock\u00e1zatok felm\u00e9r\u00e9se \u00e9s kezel\u00e9se az adatkezel\u0151 egyik alapvet\u0151 k\u00f6telezetts\u00e9ge.<\/p><p>A biztons\u00e1g fenntart\u00e1sa \u00e9s a GDPR-t s\u00e9rt\u0151 adatkezel\u00e9s megel\u0151z\u00e9se \u00e9rdek\u00e9ben \u00e9rt\u00e9keli az adatkezel\u00e9s term\u00e9szet\u00e9b\u0151l fakad\u00f3 kock\u00e1zatokat, \u00e9s az- e kock\u00e1zatok cs\u00f6kkent\u00e9s\u00e9t szolg\u00e1l\u00f3 int\u00e9zked\u00e9seket, p\u00e9ld\u00e1ul titkos\u00edt\u00e1st alkalmaz. Ezek az int\u00e9zked\u00e9sek biztos\u00edtj\u00e1k a megfelel\u0151 szint\u0171 biztons\u00e1got \u2013 ide\u00e9rtve a bizalmas kezel\u00e9st is \u2013, figyelembe v\u00e9ve a tudom\u00e1ny \u00e9s technol\u00f3gia \u00e1ll\u00e1s\u00e1t, valamint a v\u00e9grehajt\u00e1s kock\u00e1zatokkal \u00e9s a v\u00e9delmet ig\u00e9nyl\u0151 szem\u00e9lyes adatok jelleg\u00e9vel \u00f6sszef\u00fcgg\u0151 k\u00f6lts\u00e9geit.<\/p><p>Amikor val\u00f3sz\u00edn\u0171s\u00edthet\u0151, hogy az adatkezel\u00e9si m\u0171veletek magas kock\u00e1zattal j\u00e1rn\u00e1nak a term\u00e9szetes szem\u00e9lyek jogaira \u00e9s szabads\u00e1gaira n\u00e9zve, adatv\u00e9delmi hat\u00e1svizsg\u00e1latot kell elv\u00e9gezni.<\/p><p><br><\/p><p><strong>Az adatkezel\u0151 \/k\u00e9pvisel\u0151je\/ megnevez\u00e9se \u00e9s el\u00e9rhet\u0151s\u00e9gek:<\/strong><\/p><p>N\u00e9v: <strong>Peszlen Lajos EV<\/strong><\/p><p>Tel: <strong>06 20 9516 822<\/strong><\/p><p>E-mail: <a href=\"mailto:info@rutin98.hu\" target=\"_blank\" style=\"color: rgb(0, 0, 255);\"><strong>lalisuli@freemail.hu<\/strong><\/a><\/p><p><br><\/p><p><br><\/p><p><strong>Az adatv\u00e9delmi tisztvisel\u0151 van-e, el\u00e9rhet\u0151s\u00e9gei:<\/strong><\/p><p><strong>van\/<u>nincs<\/u><\/strong><\/p><p><br><\/p><p>N\u00e9v:-<\/p><p>Tel:<\/p><p>E-mail:<\/p><p>Magas kock\u00e1zat:<\/p><ul><li class=\"ql-align-justify\">nagym\u00e9rt\u00e9k\u0171 adatkezel\u00e9si m\u0171veletekre, amelyek jelent\u0151s mennyis\u00e9g\u0171 szem\u00e9lyes adat region\u00e1lis, nemzeti vagy szupranacion\u00e1lis szint\u0171 kezel\u00e9se a c\u00e9lja:<\/li><\/ul><p class=\"ql-align-justify\"><br><\/p><ul><li class=\"ql-align-justify\">\u00e9rintettek jelent\u0151s sz\u00e1m\u00e1ra hat\u00e1ssal b\u00edr\u00f3, \u00e9rz\u00e9keny adatok kezel\u00e9se:<\/li><li class=\"ql-align-justify\">\u00faj technol\u00f3gi\u00e1t alkalmaz\u00f3 adatkezel\u00e9si m\u0171velet:<\/li><li class=\"ql-align-justify\">adatkezel\u00e9si m\u0171veletek, amelyek magas kock\u00e1zattal j\u00e1rnak az \u00e9rintettek jogaira \u00e9s szabads\u00e1gaira n\u00e9zve, k\u00fcl\u00f6n\u00f6sen, ha az eml\u00edtett m\u0171veletek megnehez\u00edtik az \u00e9rintettek sz\u00e1m\u00e1ra, hogy a jogaikat gyakorolj\u00e1k<\/li><\/ul><p class=\"ql-align-justify\"><br><\/p><ul><li class=\"ql-align-justify\">amennyiben konkr\u00e9t term\u00e9szetes szem\u00e9lyekkel kapcsolatban elv\u00e9gzik a term\u00e9szetes szem\u00e9lyek szem\u00e9lyes jellemz\u0151inek szisztematikus \u00e9s kiterjedt \u00e9rt\u00e9kel\u00e9s\u00e9t az eml\u00edtett adatokon alapul\u00f3 profilalkot\u00e1s alapj\u00e1n, illetve a szem\u00e9lyes adatok k\u00fcl\u00f6nleges kateg\u00f3ri\u00e1ira, a biometrikus adatokra vagy a b\u00fcntet\u0151jogi felel\u0151ss\u00e9g meg\u00e1llap\u00edt\u00e1s\u00e1ra \u00e9s a b\u0171ncselekm\u00e9nyekre vagy a kapcsol\u00f3d\u00f3 biztons\u00e1gi int\u00e9zked\u00e9sekre vonatkoz\u00f3 adatok kezel\u00e9s\u00e9t k\u00f6vet\u0151en<\/li><\/ul><p><br><\/p><ul><li class=\"ql-align-justify\">nyilv\u00e1nos helyek nagym\u00e9rt\u00e9k\u0171 megfigyel\u00e9se eset\u00e9ben<\/li><\/ul><p><br><\/p><ul><li class=\"ql-align-justify\">fel\u00fcgyeleti hat\u00f3s\u00e1g vagy jogszab\u00e1ly meghat\u00e1roz\u00e1sa alapj\u00e1n<\/li><\/ul><p><br><\/p><p><strong>kock\u00e1zat forr\u00e1sa:<\/strong><\/p><h4><strong>-<\/strong><\/h4><p><strong>kock\u00e1zat jellege:<\/strong><\/p><p><strong>-<\/strong><\/p><p><strong>kock\u00e1zat egyedis\u00e9ge:<\/strong><\/p><p><strong>-<\/strong><\/p><p><strong>kock\u00e1zat s\u00falyoss\u00e1ga:<\/strong><\/p><p>-<\/p><p><strong>kock\u00e1zat m\u00e9rs\u00e9kl\u00e9s\u00e9t, a szem\u00e9lyes adatok v\u00e9delm\u00e9t, valamint az e rendeletnek val\u00f3 megfelel\u00e9s bizony\u00edt\u00e1s\u00e1t c\u00e9lz\u00f3 tervezett int\u00e9zked\u00e9sek, garanci\u00e1k \u00e9s mechanizmusok:<\/strong><\/p><p><strong>-<\/strong><\/p><p><strong>Ha az adatv\u00e9delmi hat\u00e1svizsg\u00e1lat szerint az adatkezel\u00e9si m\u0171veletek olyan magas kock\u00e1zattal j\u00e1rnak, amelyet az adatkezel\u0151 nem k\u00e9pes a rendelkez\u00e9sre \u00e1ll\u00f3 technol\u00f3gia \u00e9s a v\u00e9grehajt\u00e1si k\u00f6lts\u00e9gek szempontj\u00e1b\u00f3l is megfelel\u0151 int\u00e9zked\u00e9sekkel m\u00e9rs\u00e9kelni, az adatkezel\u00e9st megel\u0151z\u0151en a fel\u00fcgyeleti hat\u00f3s\u00e1ggal val\u00f3 konzult\u00e1ci\u00f3:<\/strong><\/p><p>NEM SZ\u00dcKS\u00c9GES<\/p><p><br><\/p><p>Kelt: \u2026\u2026\u2026\u2026\u2026., 2018\u2026\u2026\u2026\u2026\u2026\u2026\u2026..<\/p><p><br><\/p><p><br><\/p><p class=\"ql-align-center\">______________________________<\/p><p class=\"ql-align-center\">\u2026\u2026\u2026\u2026. mint adatkezel\u0151<\/p><p class=\"ql-align-center\">k\u00e9pviselet\u00e9ben: \u2026\u2026\u2026\u2026\u2026.<\/p>\r\n                <\/div>\r\n            <\/div>\r\n    <\/div>\r\n<\/div><!-- sktbuilder starter --><script type=\"text\/javascript\" src=\"https:\/\/lalisuli.hu\/wp-content\/plugins\/skt-builder\/sktbuilder\/sktbuilder-frontend-starter.js\"><\/script><script type=\"text\/javascript\" src=\"https:\/\/lalisuli.hu\/wp-content\/plugins\/skt-builder\/sktbuilder-wordpress-driver.js\"><\/script><script type=\"text\/javascript\"> var starter = new SktbuilderStarter({\"mode\": \"prod\", \"skip\":[\"jquery\",\"underscore\",\"backbone\"],\"sktbuilderUrl\": \"https:\/\/lalisuli.hu\/wp-content\/plugins\/skt-builder\/sktbuilder\/\", \"driver\": new SktbuilderWordpressDriver({\"ajaxUrl\": \"https:\/\/lalisuli.hu\/wp-admin\/admin-ajax.php\", \"iframeUrl\": \"https:\/\/lalisuli.hu\/?page_id=4978&sktbuilder=true\", \"pageId\": 4978,  \"nonce\": \"97d226d306\", \"pages\": [{\"title\":\"B kateg\\u00f3ri\\u00e1s k\\u00e9pz\\u00e9s\",\"url\":\"https:\\\/\\\/lalisuli.hu\\\/wp-admin\\\/post.php?post=57&action=sktbuilder\"},{\"title\":\"Home\",\"url\":\"https:\\\/\\\/lalisuli.hu\\\/wp-admin\\\/post.php?post=4766&action=sktbuilder\"},{\"title\":\"B kateg\\u00f3ri\\u00e1s ut\\u00e1nk\\u00e9pz\\u00e9s\",\"url\":\"https:\\\/\\\/lalisuli.hu\\\/wp-admin\\\/post.php?post=4910&action=sktbuilder\"}], \"page\": \"Adatkezel\u00e9si t\u00e1j\u00e9koztat\u00f3\" }) });<\/script><!-- end sktbuilder starter -->","protected":false},"excerpt":{"rendered":"<p>\u201cA sz\u00e1m\u00edt\u00f3g\u00e9pes biztons\u00e1g csak ill\u00fazi\u00f3. Ha valamit t\u00e9nyleg titokban akarsz tartani, akkor tartsd \u00e9szben, \u00e9s ne vidd fel a sz\u00e1m\u00edt\u00f3g\u00e9pedre.\u201d &#8211; Chris Hemsworth &#8211; ADATKEZEL\u00c9SI Szab\u00e1lyzatPeszlen Lajos&nbsp;EV A Peszlen Lajos&nbsp;EV ez\u00faton teszi k\u00f6zz\u00e9 adatv\u00e9delmi, adatkezel\u00e9si elveit, melyeket mag\u00e1ra n\u00e9zve k\u00f6telez\u0151nek ismer el.Az Adatkezel\u0151 adataiAz adatok kezel\u0151je a Peszlen Lajos&nbsp;EV (\u201eAdatkezel\u0151\u201d).Sz\u00e9khelye: 9400 Sopron Lackner Krist\u00f3f utca<br \/><a class=\"moretag\" href=\"https:\/\/lalisuli.hu\/?page_id=4978\">+ Read More<\/a><\/p>\n","protected":false},"author":1,"featured_media":0,"parent":0,"menu_order":0,"comment_status":"closed","ping_status":"closed","template":"templates\/page-fullwidth_template.php","meta":{"footnotes":""},"class_list":["post-4978","page","type-page","status-publish","hentry"],"_links":{"self":[{"href":"https:\/\/lalisuli.hu\/index.php?rest_route=\/wp\/v2\/pages\/4978","targetHints":{"allow":["GET"]}}],"collection":[{"href":"https:\/\/lalisuli.hu\/index.php?rest_route=\/wp\/v2\/pages"}],"about":[{"href":"https:\/\/lalisuli.hu\/index.php?rest_route=\/wp\/v2\/types\/page"}],"author":[{"embeddable":true,"href":"https:\/\/lalisuli.hu\/index.php?rest_route=\/wp\/v2\/users\/1"}],"replies":[{"embeddable":true,"href":"https:\/\/lalisuli.hu\/index.php?rest_route=%2Fwp%2Fv2%2Fcomments&post=4978"}],"version-history":[{"count":5,"href":"https:\/\/lalisuli.hu\/index.php?rest_route=\/wp\/v2\/pages\/4978\/revisions"}],"predecessor-version":[{"id":5142,"href":"https:\/\/lalisuli.hu\/index.php?rest_route=\/wp\/v2\/pages\/4978\/revisions\/5142"}],"wp:attachment":[{"href":"https:\/\/lalisuli.hu\/index.php?rest_route=%2Fwp%2Fv2%2Fmedia&parent=4978"}],"curies":[{"name":"wp","href":"https:\/\/api.w.org\/{rel}","templated":true}]}}